{"id":10725,"date":"2018-08-30T19:54:50","date_gmt":"2018-08-30T17:54:50","guid":{"rendered":"http:\/\/www.banneux-nd.be\/?page_id=10725"},"modified":"2018-08-30T19:54:50","modified_gmt":"2018-08-30T17:54:50","slug":"la-source-en-1933","status":"publish","type":"page","link":"https:\/\/banneux-nd.be\/es\/la-source-en-1933\/","title":{"rendered":"La Source en 1933"},"content":{"rendered":"<h3 style=\"text-align: center;\"><strong>Creusement de la Source et premiers p\u00e8lerins<\/strong><\/h3>\n<div class=\"tiled-gallery type-rectangular tiled-gallery-unresized\" data-original-width=\"758\" data-carousel-extra='null' itemscope itemtype=\"http:\/\/schema.org\/ImageGallery\" > <div class=\"gallery-row\" style=\"width: 758px; height: 330px;\" data-original-width=\"758\" data-original-height=\"330\" > <div class=\"gallery-group images-1\" style=\"width: 516px; height: 330px;\" data-original-width=\"516\" data-original-height=\"330\" > <div class=\"tiled-gallery-item tiled-gallery-item-large\" itemprop=\"associatedMedia\" itemscope itemtype=\"http:\/\/schema.org\/ImageObject\"> <a href=\"https:\/\/banneux-nd.be\/es\/pelerins-a-la-source-7-2\/\" border=\"0\" itemprop=\"url\"> <meta itemprop=\"width\" content=\"512\"> <meta itemprop=\"height\" content=\"326\"> <img decoding=\"async\" data-attachment-id=\"10773\" data-orig-file=\"https:\/\/banneux-nd.be\/wp-content\/uploads\/2018\/08\/Pelerins-\u00e0-la-source-7.jpg\" data-orig-size=\"1303,830\" data-comments-opened=\"1\" data-image-meta=\"{&quot;aperture&quot;:&quot;0&quot;,&quot;credit&quot;:&quot;&quot;,&quot;camera&quot;:&quot;&quot;,&quot;caption&quot;:&quot;&quot;,&quot;created_timestamp&quot;:&quot;1535658428&quot;,&quot;copyright&quot;:&quot;&quot;,&quot;focal_length&quot;:&quot;0&quot;,&quot;iso&quot;:&quot;0&quot;,&quot;shutter_speed&quot;:&quot;0&quot;,&quot;title&quot;:&quot;&quot;,&quot;orientation&quot;:&quot;1&quot;}\" data-image-title=\"Pelerins \u00e0 la source 7\" data-image-description=\"\" data-medium-file=\"https:\/\/banneux-nd.be\/wp-content\/uploads\/2018\/08\/Pelerins-\u00e0-la-source-7-300x191.jpg\" data-large-file=\"https:\/\/banneux-nd.be\/wp-content\/uploads\/2018\/08\/Pelerins-\u00e0-la-source-7-1024x652.jpg\" data-src=\"https:\/\/i0.wp.com\/banneux-nd.be\/wp-content\/uploads\/2018\/08\/Pelerins-%C3%A0-la-source-7.jpg?w=512&#038;h=326&#038;ssl=1\" width=\"512\" height=\"326\" data-original-width=\"512\" data-original-height=\"326\" itemprop=\"http:\/\/schema.org\/image\" title=\"Pelerins \u00e0 la source 7\" alt=\"Pelerins \u00e0 la source 7\" style=\"--smush-placeholder-width: 512px; --smush-placeholder-aspect-ratio: 512\/326;width: 512px; height: 326px;\" src=\"data:image\/svg+xml;base64,PHN2ZyB3aWR0aD0iMSIgaGVpZ2h0PSIxIiB4bWxucz0iaHR0cDovL3d3dy53My5vcmcvMjAwMC9zdmciPjwvc3ZnPg==\" class=\"lazyload\" \/> <\/a> <\/div> <\/div> <!-- close group --> <div class=\"gallery-group images-2\" style=\"width: 242px; height: 330px;\" data-original-width=\"242\" data-original-height=\"330\" > <div class=\"tiled-gallery-item tiled-gallery-item-small\" itemprop=\"associatedMedia\" itemscope itemtype=\"http:\/\/schema.org\/ImageObject\"> <a href=\"https:\/\/banneux-nd.be\/es\/pelerins-a-la-source-3-2\/\" border=\"0\" itemprop=\"url\"> <meta itemprop=\"width\" content=\"238\"> <meta itemprop=\"height\" content=\"162\"> <img decoding=\"async\" data-attachment-id=\"10749\" data-orig-file=\"https:\/\/banneux-nd.be\/wp-content\/uploads\/2018\/08\/Pelerins-\u00e0-la-source-3.jpg\" data-orig-size=\"1279,869\" data-comments-opened=\"1\" data-image-meta=\"{&quot;aperture&quot;:&quot;0&quot;,&quot;credit&quot;:&quot;&quot;,&quot;camera&quot;:&quot;&quot;,&quot;caption&quot;:&quot;&quot;,&quot;created_timestamp&quot;:&quot;0&quot;,&quot;copyright&quot;:&quot;&quot;,&quot;focal_length&quot;:&quot;0&quot;,&quot;iso&quot;:&quot;0&quot;,&quot;shutter_speed&quot;:&quot;0&quot;,&quot;title&quot;:&quot;&quot;,&quot;orientation&quot;:&quot;1&quot;}\" data-image-title=\"Pelerins \u00e0 la source 3\" data-image-description=\"\" data-medium-file=\"https:\/\/banneux-nd.be\/wp-content\/uploads\/2018\/08\/Pelerins-\u00e0-la-source-3-300x204.jpg\" data-large-file=\"https:\/\/banneux-nd.be\/wp-content\/uploads\/2018\/08\/Pelerins-\u00e0-la-source-3-1024x696.jpg\" data-src=\"https:\/\/i0.wp.com\/banneux-nd.be\/wp-content\/uploads\/2018\/08\/Pelerins-%C3%A0-la-source-3.jpg?w=238&#038;h=162&#038;ssl=1\" width=\"238\" height=\"162\" data-original-width=\"238\" data-original-height=\"162\" itemprop=\"http:\/\/schema.org\/image\" title=\"Pelerins \u00e0 la source 3\" alt=\"Pelerins \u00e0 la source 3\" style=\"--smush-placeholder-width: 238px; --smush-placeholder-aspect-ratio: 238\/162;width: 238px; height: 162px;\" src=\"data:image\/svg+xml;base64,PHN2ZyB3aWR0aD0iMSIgaGVpZ2h0PSIxIiB4bWxucz0iaHR0cDovL3d3dy53My5vcmcvMjAwMC9zdmciPjwvc3ZnPg==\" class=\"lazyload\" \/> <\/a> <\/div> <div class=\"tiled-gallery-item tiled-gallery-item-small\" itemprop=\"associatedMedia\" itemscope itemtype=\"http:\/\/schema.org\/ImageObject\"> <a href=\"https:\/\/banneux-nd.be\/es\/pelerins-a-la-source-6-2\/\" border=\"0\" itemprop=\"url\"> <meta itemprop=\"width\" content=\"238\"> <meta itemprop=\"height\" content=\"160\"> <img decoding=\"async\" data-attachment-id=\"10767\" data-orig-file=\"https:\/\/banneux-nd.be\/wp-content\/uploads\/2018\/08\/Pelerins-\u00e0-la-source-6.jpg\" data-orig-size=\"1329,896\" data-comments-opened=\"1\" data-image-meta=\"{&quot;aperture&quot;:&quot;0&quot;,&quot;credit&quot;:&quot;&quot;,&quot;camera&quot;:&quot;&quot;,&quot;caption&quot;:&quot;&quot;,&quot;created_timestamp&quot;:&quot;0&quot;,&quot;copyright&quot;:&quot;&quot;,&quot;focal_length&quot;:&quot;0&quot;,&quot;iso&quot;:&quot;0&quot;,&quot;shutter_speed&quot;:&quot;0&quot;,&quot;title&quot;:&quot;&quot;,&quot;orientation&quot;:&quot;1&quot;}\" data-image-title=\"Pelerins \u00e0 la source 6\" data-image-description=\"\" data-medium-file=\"https:\/\/banneux-nd.be\/wp-content\/uploads\/2018\/08\/Pelerins-\u00e0-la-source-6-300x202.jpg\" data-large-file=\"https:\/\/banneux-nd.be\/wp-content\/uploads\/2018\/08\/Pelerins-\u00e0-la-source-6-1024x690.jpg\" data-src=\"https:\/\/i0.wp.com\/banneux-nd.be\/wp-content\/uploads\/2018\/08\/Pelerins-%C3%A0-la-source-6.jpg?w=238&#038;h=160&#038;ssl=1\" width=\"238\" height=\"160\" data-original-width=\"238\" data-original-height=\"160\" itemprop=\"http:\/\/schema.org\/image\" title=\"Pelerins \u00e0 la source 6\" alt=\"Pelerins \u00e0 la source 6\" style=\"--smush-placeholder-width: 238px; --smush-placeholder-aspect-ratio: 238\/160;width: 238px; height: 160px;\" src=\"data:image\/svg+xml;base64,PHN2ZyB3aWR0aD0iMSIgaGVpZ2h0PSIxIiB4bWxucz0iaHR0cDovL3d3dy53My5vcmcvMjAwMC9zdmciPjwvc3ZnPg==\" class=\"lazyload\" \/> <\/a> <\/div> <\/div> <!-- close group --> <\/div> <!-- close row --> <div class=\"gallery-row\" style=\"width: 758px; height: 689px;\" data-original-width=\"758\" data-original-height=\"689\" > <div class=\"gallery-group images-3\" style=\"width: 361px; height: 689px;\" data-original-width=\"361\" data-original-height=\"689\" > <div class=\"tiled-gallery-item tiled-gallery-item-large\" itemprop=\"associatedMedia\" itemscope itemtype=\"http:\/\/schema.org\/ImageObject\"> <a href=\"https:\/\/banneux-nd.be\/es\/pelerins-a-la-source-8\/\" border=\"0\" itemprop=\"url\"> <meta itemprop=\"width\" content=\"357\"> <meta itemprop=\"height\" content=\"223\"> <img decoding=\"async\" data-attachment-id=\"10779\" data-orig-file=\"https:\/\/banneux-nd.be\/wp-content\/uploads\/2018\/08\/Pelerins-\u00e0-la-source.jpg\" data-orig-size=\"1200,750\" data-comments-opened=\"1\" data-image-meta=\"{&quot;aperture&quot;:&quot;0&quot;,&quot;credit&quot;:&quot;&quot;,&quot;camera&quot;:&quot;&quot;,&quot;caption&quot;:&quot;&quot;,&quot;created_timestamp&quot;:&quot;0&quot;,&quot;copyright&quot;:&quot;&quot;,&quot;focal_length&quot;:&quot;0&quot;,&quot;iso&quot;:&quot;0&quot;,&quot;shutter_speed&quot;:&quot;0&quot;,&quot;title&quot;:&quot;&quot;,&quot;orientation&quot;:&quot;1&quot;}\" data-image-title=\"Pelerins \u00e0 la source\" data-image-description=\"\" data-medium-file=\"https:\/\/banneux-nd.be\/wp-content\/uploads\/2018\/08\/Pelerins-\u00e0-la-source-300x188.jpg\" data-large-file=\"https:\/\/banneux-nd.be\/wp-content\/uploads\/2018\/08\/Pelerins-\u00e0-la-source-1024x640.jpg\" data-src=\"https:\/\/i0.wp.com\/banneux-nd.be\/wp-content\/uploads\/2018\/08\/Pelerins-%C3%A0-la-source.jpg?w=357&#038;h=223&#038;ssl=1\" width=\"357\" height=\"223\" data-original-width=\"357\" data-original-height=\"223\" itemprop=\"http:\/\/schema.org\/image\" title=\"Pelerins \u00e0 la source\" alt=\"Pelerins \u00e0 la source\" style=\"--smush-placeholder-width: 357px; --smush-placeholder-aspect-ratio: 357\/223;width: 357px; height: 223px;\" src=\"data:image\/svg+xml;base64,PHN2ZyB3aWR0aD0iMSIgaGVpZ2h0PSIxIiB4bWxucz0iaHR0cDovL3d3dy53My5vcmcvMjAwMC9zdmciPjwvc3ZnPg==\" class=\"lazyload\" \/> <\/a> <\/div> <div class=\"tiled-gallery-item tiled-gallery-item-large\" itemprop=\"associatedMedia\" itemscope itemtype=\"http:\/\/schema.org\/ImageObject\"> <a href=\"https:\/\/banneux-nd.be\/es\/pelerins-a-la-source-5-2\/\" border=\"0\" itemprop=\"url\"> <meta itemprop=\"width\" content=\"357\"> <meta itemprop=\"height\" content=\"223\"> <img decoding=\"async\" data-attachment-id=\"10761\" data-orig-file=\"https:\/\/banneux-nd.be\/wp-content\/uploads\/2018\/08\/Pelerins-\u00e0-la-source-5.jpg\" data-orig-size=\"1315,822\" data-comments-opened=\"1\" data-image-meta=\"{&quot;aperture&quot;:&quot;0&quot;,&quot;credit&quot;:&quot;&quot;,&quot;camera&quot;:&quot;&quot;,&quot;caption&quot;:&quot;&quot;,&quot;created_timestamp&quot;:&quot;1535658366&quot;,&quot;copyright&quot;:&quot;&quot;,&quot;focal_length&quot;:&quot;0&quot;,&quot;iso&quot;:&quot;0&quot;,&quot;shutter_speed&quot;:&quot;0&quot;,&quot;title&quot;:&quot;&quot;,&quot;orientation&quot;:&quot;1&quot;}\" data-image-title=\"Pelerins \u00e0 la source 5\" data-image-description=\"\" data-medium-file=\"https:\/\/banneux-nd.be\/wp-content\/uploads\/2018\/08\/Pelerins-\u00e0-la-source-5-300x188.jpg\" data-large-file=\"https:\/\/banneux-nd.be\/wp-content\/uploads\/2018\/08\/Pelerins-\u00e0-la-source-5-1024x640.jpg\" data-src=\"https:\/\/i0.wp.com\/banneux-nd.be\/wp-content\/uploads\/2018\/08\/Pelerins-%C3%A0-la-source-5.jpg?w=357&#038;h=223&#038;ssl=1\" width=\"357\" height=\"223\" data-original-width=\"357\" data-original-height=\"223\" itemprop=\"http:\/\/schema.org\/image\" title=\"Pelerins \u00e0 la source 5\" alt=\"Pelerins \u00e0 la source 5\" style=\"--smush-placeholder-width: 357px; --smush-placeholder-aspect-ratio: 357\/223;width: 357px; height: 223px;\" src=\"data:image\/svg+xml;base64,PHN2ZyB3aWR0aD0iMSIgaGVpZ2h0PSIxIiB4bWxucz0iaHR0cDovL3d3dy53My5vcmcvMjAwMC9zdmciPjwvc3ZnPg==\" class=\"lazyload\" \/> <\/a> <\/div> <div class=\"tiled-gallery-item tiled-gallery-item-large\" itemprop=\"associatedMedia\" itemscope itemtype=\"http:\/\/schema.org\/ImageObject\"> <a href=\"https:\/\/banneux-nd.be\/es\/pelerins-a-la-source-4-2\/\" border=\"0\" itemprop=\"url\"> <meta itemprop=\"width\" content=\"357\"> <meta itemprop=\"height\" content=\"231\"> <img decoding=\"async\" data-attachment-id=\"10755\" data-orig-file=\"https:\/\/banneux-nd.be\/wp-content\/uploads\/2018\/08\/Pelerins-\u00e0-la-source-4.jpg\" data-orig-size=\"1279,825\" data-comments-opened=\"1\" data-image-meta=\"{&quot;aperture&quot;:&quot;0&quot;,&quot;credit&quot;:&quot;&quot;,&quot;camera&quot;:&quot;&quot;,&quot;caption&quot;:&quot;&quot;,&quot;created_timestamp&quot;:&quot;1535658344&quot;,&quot;copyright&quot;:&quot;&quot;,&quot;focal_length&quot;:&quot;0&quot;,&quot;iso&quot;:&quot;0&quot;,&quot;shutter_speed&quot;:&quot;0&quot;,&quot;title&quot;:&quot;&quot;,&quot;orientation&quot;:&quot;1&quot;}\" data-image-title=\"Pelerins \u00e0 la source 4\" data-image-description=\"\" data-medium-file=\"https:\/\/banneux-nd.be\/wp-content\/uploads\/2018\/08\/Pelerins-\u00e0-la-source-4-300x194.jpg\" data-large-file=\"https:\/\/banneux-nd.be\/wp-content\/uploads\/2018\/08\/Pelerins-\u00e0-la-source-4-1024x661.jpg\" data-src=\"https:\/\/i0.wp.com\/banneux-nd.be\/wp-content\/uploads\/2018\/08\/Pelerins-%C3%A0-la-source-4.jpg?w=357&#038;h=231&#038;ssl=1\" width=\"357\" height=\"231\" data-original-width=\"357\" data-original-height=\"231\" itemprop=\"http:\/\/schema.org\/image\" title=\"Pelerins \u00e0 la source 4\" alt=\"Pelerins \u00e0 la source 4\" style=\"--smush-placeholder-width: 357px; --smush-placeholder-aspect-ratio: 357\/231;width: 357px; height: 231px;\" src=\"data:image\/svg+xml;base64,PHN2ZyB3aWR0aD0iMSIgaGVpZ2h0PSIxIiB4bWxucz0iaHR0cDovL3d3dy53My5vcmcvMjAwMC9zdmciPjwvc3ZnPg==\" class=\"lazyload\" \/> <\/a> <\/div> <\/div> <!-- close group --> <div class=\"gallery-group images-1\" style=\"width: 397px; height: 689px;\" data-original-width=\"397\" data-original-height=\"689\" > <div class=\"tiled-gallery-item tiled-gallery-item-large\" itemprop=\"associatedMedia\" itemscope itemtype=\"http:\/\/schema.org\/ImageObject\"> <a href=\"https:\/\/banneux-nd.be\/es\/chemin-sacre-source-2\/\" border=\"0\" itemprop=\"url\"> <meta itemprop=\"width\" content=\"393\"> <meta itemprop=\"height\" content=\"685\"> <img decoding=\"async\" data-attachment-id=\"10731\" data-orig-file=\"https:\/\/banneux-nd.be\/wp-content\/uploads\/2018\/08\/Chemin-sacr\u00e9-source.jpg\" data-orig-size=\"688,1200\" data-comments-opened=\"1\" data-image-meta=\"{&quot;aperture&quot;:&quot;0&quot;,&quot;credit&quot;:&quot;&quot;,&quot;camera&quot;:&quot;&quot;,&quot;caption&quot;:&quot;&quot;,&quot;created_timestamp&quot;:&quot;0&quot;,&quot;copyright&quot;:&quot;&quot;,&quot;focal_length&quot;:&quot;0&quot;,&quot;iso&quot;:&quot;0&quot;,&quot;shutter_speed&quot;:&quot;0&quot;,&quot;title&quot;:&quot;&quot;,&quot;orientation&quot;:&quot;1&quot;}\" data-image-title=\"Chemin sacr\u00e9 source\" data-image-description=\"\" data-medium-file=\"https:\/\/banneux-nd.be\/wp-content\/uploads\/2018\/08\/Chemin-sacr\u00e9-source-172x300.jpg\" data-large-file=\"https:\/\/banneux-nd.be\/wp-content\/uploads\/2018\/08\/Chemin-sacr\u00e9-source-587x1024.jpg\" data-src=\"https:\/\/i0.wp.com\/banneux-nd.be\/wp-content\/uploads\/2018\/08\/Chemin-sacr%C3%A9-source.jpg?w=393&#038;h=685&#038;ssl=1\" width=\"393\" height=\"685\" data-original-width=\"393\" data-original-height=\"685\" itemprop=\"http:\/\/schema.org\/image\" title=\"Chemin sacr\u00e9 source\" alt=\"Chemin sacr\u00e9 source\" style=\"--smush-placeholder-width: 393px; --smush-placeholder-aspect-ratio: 393\/685;width: 393px; height: 685px;\" src=\"data:image\/svg+xml;base64,PHN2ZyB3aWR0aD0iMSIgaGVpZ2h0PSIxIiB4bWxucz0iaHR0cDovL3d3dy53My5vcmcvMjAwMC9zdmciPjwvc3ZnPg==\" class=\"lazyload\" \/> <\/a> <\/div> <\/div> <!-- close group --> <\/div> <!-- close row --> <div class=\"gallery-row\" style=\"width: 758px; height: 178px;\" data-original-width=\"758\" data-original-height=\"178\" > <div class=\"gallery-group images-1\" style=\"width: 276px; height: 178px;\" data-original-width=\"276\" data-original-height=\"178\" > <div class=\"tiled-gallery-item tiled-gallery-item-large\" itemprop=\"associatedMedia\" itemscope itemtype=\"http:\/\/schema.org\/ImageObject\"> <a href=\"https:\/\/banneux-nd.be\/es\/pelerins-entourant-la-source-2\/\" border=\"0\" itemprop=\"url\"> <meta itemprop=\"width\" content=\"272\"> <meta itemprop=\"height\" content=\"174\"> <img decoding=\"async\" data-attachment-id=\"10791\" data-orig-file=\"https:\/\/banneux-nd.be\/wp-content\/uploads\/2018\/08\/Pelerins-entourant-la-source.jpg\" data-orig-size=\"1200,768\" data-comments-opened=\"1\" data-image-meta=\"{&quot;aperture&quot;:&quot;0&quot;,&quot;credit&quot;:&quot;&quot;,&quot;camera&quot;:&quot;&quot;,&quot;caption&quot;:&quot;&quot;,&quot;created_timestamp&quot;:&quot;0&quot;,&quot;copyright&quot;:&quot;&quot;,&quot;focal_length&quot;:&quot;0&quot;,&quot;iso&quot;:&quot;0&quot;,&quot;shutter_speed&quot;:&quot;0&quot;,&quot;title&quot;:&quot;&quot;,&quot;orientation&quot;:&quot;1&quot;}\" data-image-title=\"Pelerins entourant la source\" data-image-description=\"\" data-medium-file=\"https:\/\/banneux-nd.be\/wp-content\/uploads\/2018\/08\/Pelerins-entourant-la-source-300x192.jpg\" data-large-file=\"https:\/\/banneux-nd.be\/wp-content\/uploads\/2018\/08\/Pelerins-entourant-la-source-1024x655.jpg\" data-src=\"https:\/\/i0.wp.com\/banneux-nd.be\/wp-content\/uploads\/2018\/08\/Pelerins-entourant-la-source.jpg?w=272&#038;h=174&#038;ssl=1\" data-srcset=\"https:\/\/banneux-nd.be\/wp-content\/uploads\/2018\/08\/Pelerins-entourant-la-source.jpg 1200w, https:\/\/banneux-nd.be\/wp-content\/uploads\/2018\/08\/Pelerins-entourant-la-source-300x192.jpg 300w, https:\/\/banneux-nd.be\/wp-content\/uploads\/2018\/08\/Pelerins-entourant-la-source-768x492.jpg 768w, https:\/\/banneux-nd.be\/wp-content\/uploads\/2018\/08\/Pelerins-entourant-la-source-1024x655.jpg 1024w\" width=\"272\" height=\"174\" data-original-width=\"272\" data-original-height=\"174\" itemprop=\"http:\/\/schema.org\/image\" title=\"Pelerins entourant la source\" alt=\"Pelerins entourant la source\" style=\"--smush-placeholder-width: 272px; --smush-placeholder-aspect-ratio: 272\/174;width: 272px; height: 174px;\" src=\"data:image\/svg+xml;base64,PHN2ZyB3aWR0aD0iMSIgaGVpZ2h0PSIxIiB4bWxucz0iaHR0cDovL3d3dy53My5vcmcvMjAwMC9zdmciPjwvc3ZnPg==\" class=\"lazyload\" \/> <\/a> <\/div> <\/div> <!-- close group --> <div class=\"gallery-group images-1\" style=\"width: 110px; height: 178px;\" data-original-width=\"110\" data-original-height=\"178\" > <div class=\"tiled-gallery-item tiled-gallery-item-small\" itemprop=\"associatedMedia\" itemscope itemtype=\"http:\/\/schema.org\/ImageObject\"> <a href=\"https:\/\/banneux-nd.be\/es\/mariette-devant-la-source-2\/\" border=\"0\" itemprop=\"url\"> <meta itemprop=\"width\" content=\"106\"> <meta itemprop=\"height\" content=\"174\"> <img decoding=\"async\" data-attachment-id=\"10737\" data-orig-file=\"https:\/\/banneux-nd.be\/wp-content\/uploads\/2018\/08\/mariette-devant-la-source.jpg\" data-orig-size=\"455,745\" data-comments-opened=\"1\" data-image-meta=\"{&quot;aperture&quot;:&quot;0&quot;,&quot;credit&quot;:&quot;&quot;,&quot;camera&quot;:&quot;&quot;,&quot;caption&quot;:&quot;&quot;,&quot;created_timestamp&quot;:&quot;1330979666&quot;,&quot;copyright&quot;:&quot;&quot;,&quot;focal_length&quot;:&quot;0&quot;,&quot;iso&quot;:&quot;0&quot;,&quot;shutter_speed&quot;:&quot;0&quot;,&quot;title&quot;:&quot;&quot;,&quot;orientation&quot;:&quot;1&quot;}\" data-image-title=\"mariette devant la source\" data-image-description=\"\" data-medium-file=\"https:\/\/banneux-nd.be\/wp-content\/uploads\/2018\/08\/mariette-devant-la-source-183x300.jpg\" data-large-file=\"https:\/\/banneux-nd.be\/wp-content\/uploads\/2018\/08\/mariette-devant-la-source.jpg\" data-src=\"https:\/\/i0.wp.com\/banneux-nd.be\/wp-content\/uploads\/2018\/08\/mariette-devant-la-source.jpg?w=106&#038;h=174&#038;ssl=1\" data-srcset=\"https:\/\/banneux-nd.be\/wp-content\/uploads\/2018\/08\/mariette-devant-la-source.jpg 455w, https:\/\/banneux-nd.be\/wp-content\/uploads\/2018\/08\/mariette-devant-la-source-183x300.jpg 183w\" width=\"106\" height=\"174\" data-original-width=\"106\" data-original-height=\"174\" itemprop=\"http:\/\/schema.org\/image\" title=\"mariette devant la source\" alt=\"mariette devant la source\" style=\"--smush-placeholder-width: 106px; --smush-placeholder-aspect-ratio: 106\/174;width: 106px; height: 174px;\" src=\"data:image\/svg+xml;base64,PHN2ZyB3aWR0aD0iMSIgaGVpZ2h0PSIxIiB4bWxucz0iaHR0cDovL3d3dy53My5vcmcvMjAwMC9zdmciPjwvc3ZnPg==\" class=\"lazyload\" \/> <\/a> <\/div> <\/div> <!-- close group --> <div class=\"gallery-group images-1\" style=\"width: 253px; height: 178px;\" data-original-width=\"253\" data-original-height=\"178\" > <div class=\"tiled-gallery-item tiled-gallery-item-small\" itemprop=\"associatedMedia\" itemscope itemtype=\"http:\/\/schema.org\/ImageObject\"> <a href=\"https:\/\/banneux-nd.be\/es\/pelerins-a-la-source-2-2\/\" border=\"0\" itemprop=\"url\"> <meta itemprop=\"width\" content=\"249\"> <meta itemprop=\"height\" content=\"174\"> <img decoding=\"async\" data-attachment-id=\"10743\" data-orig-file=\"https:\/\/banneux-nd.be\/wp-content\/uploads\/2018\/08\/Pelerins-\u00e0-la-source-2.jpg\" data-orig-size=\"1392,973\" data-comments-opened=\"1\" data-image-meta=\"{&quot;aperture&quot;:&quot;0&quot;,&quot;credit&quot;:&quot;&quot;,&quot;camera&quot;:&quot;&quot;,&quot;caption&quot;:&quot;&quot;,&quot;created_timestamp&quot;:&quot;0&quot;,&quot;copyright&quot;:&quot;&quot;,&quot;focal_length&quot;:&quot;0&quot;,&quot;iso&quot;:&quot;0&quot;,&quot;shutter_speed&quot;:&quot;0&quot;,&quot;title&quot;:&quot;&quot;,&quot;orientation&quot;:&quot;1&quot;}\" data-image-title=\"Pelerins \u00e0 la source 2\" data-image-description=\"\" data-medium-file=\"https:\/\/banneux-nd.be\/wp-content\/uploads\/2018\/08\/Pelerins-\u00e0-la-source-2-300x210.jpg\" data-large-file=\"https:\/\/banneux-nd.be\/wp-content\/uploads\/2018\/08\/Pelerins-\u00e0-la-source-2-1024x716.jpg\" data-src=\"https:\/\/i0.wp.com\/banneux-nd.be\/wp-content\/uploads\/2018\/08\/Pelerins-%C3%A0-la-source-2.jpg?w=249&#038;h=174&#038;ssl=1\" width=\"249\" height=\"174\" data-original-width=\"249\" data-original-height=\"174\" itemprop=\"http:\/\/schema.org\/image\" title=\"Pelerins \u00e0 la source 2\" alt=\"Pelerins \u00e0 la source 2\" style=\"--smush-placeholder-width: 249px; --smush-placeholder-aspect-ratio: 249\/174;width: 249px; height: 174px;\" src=\"data:image\/svg+xml;base64,PHN2ZyB3aWR0aD0iMSIgaGVpZ2h0PSIxIiB4bWxucz0iaHR0cDovL3d3dy53My5vcmcvMjAwMC9zdmciPjwvc3ZnPg==\" class=\"lazyload\" \/> <\/a> <\/div> <\/div> <!-- close group --> <div class=\"gallery-group images-1\" style=\"width: 119px; height: 178px;\" data-original-width=\"119\" data-original-height=\"178\" > <div class=\"tiled-gallery-item tiled-gallery-item-small\" itemprop=\"associatedMedia\" itemscope itemtype=\"http:\/\/schema.org\/ImageObject\"> <a href=\"https:\/\/banneux-nd.be\/es\/source-3\/\" border=\"0\" itemprop=\"url\"> <meta itemprop=\"width\" content=\"115\"> <meta itemprop=\"height\" content=\"174\"> <img decoding=\"async\" data-attachment-id=\"10797\" data-orig-file=\"https:\/\/banneux-nd.be\/wp-content\/uploads\/2018\/08\/Source.jpg\" data-orig-size=\"840,1270\" data-comments-opened=\"1\" data-image-meta=\"{&quot;aperture&quot;:&quot;0&quot;,&quot;credit&quot;:&quot;&quot;,&quot;camera&quot;:&quot;&quot;,&quot;caption&quot;:&quot;&quot;,&quot;created_timestamp&quot;:&quot;1535658536&quot;,&quot;copyright&quot;:&quot;&quot;,&quot;focal_length&quot;:&quot;0&quot;,&quot;iso&quot;:&quot;0&quot;,&quot;shutter_speed&quot;:&quot;0&quot;,&quot;title&quot;:&quot;&quot;,&quot;orientation&quot;:&quot;1&quot;}\" data-image-title=\"Source\" data-image-description=\"\" data-medium-file=\"https:\/\/banneux-nd.be\/wp-content\/uploads\/2018\/08\/Source-198x300.jpg\" data-large-file=\"https:\/\/banneux-nd.be\/wp-content\/uploads\/2018\/08\/Source-677x1024.jpg\" data-src=\"https:\/\/i0.wp.com\/banneux-nd.be\/wp-content\/uploads\/2018\/08\/Source.jpg?w=115&#038;h=174&#038;ssl=1\" data-srcset=\"https:\/\/banneux-nd.be\/wp-content\/uploads\/2018\/08\/Source.jpg 840w, https:\/\/banneux-nd.be\/wp-content\/uploads\/2018\/08\/Source-198x300.jpg 198w, https:\/\/banneux-nd.be\/wp-content\/uploads\/2018\/08\/Source-768x1161.jpg 768w, https:\/\/banneux-nd.be\/wp-content\/uploads\/2018\/08\/Source-677x1024.jpg 677w\" width=\"115\" height=\"174\" data-original-width=\"115\" data-original-height=\"174\" itemprop=\"http:\/\/schema.org\/image\" title=\"Source\" alt=\"Source\" style=\"--smush-placeholder-width: 115px; --smush-placeholder-aspect-ratio: 115\/174;width: 115px; height: 174px;\" src=\"data:image\/svg+xml;base64,PHN2ZyB3aWR0aD0iMSIgaGVpZ2h0PSIxIiB4bWxucz0iaHR0cDovL3d3dy53My5vcmcvMjAwMC9zdmciPjwvc3ZnPg==\" class=\"lazyload\" \/> <\/a> <\/div> <\/div> <!-- close group --> <\/div> <!-- close row --> <\/div>\n","protected":false},"excerpt":{"rendered":"<p>Creusement de la Source et premiers p\u00e8lerins<\/p>\n","protected":false},"author":4,"featured_media":0,"parent":0,"menu_order":0,"comment_status":"closed","ping_status":"closed","template":"","meta":{"advgb_blocks_editor_width":"","advgb_blocks_columns_visual_guide":"","jetpack_post_was_ever_published":false,"footnotes":""},"class_list":["post-10725","page","type-page","status-publish","hentry"],"yoast_head":"<!-- This site is optimized with the Yoast SEO plugin v27.5 - https:\/\/yoast.com\/product\/yoast-seo-wordpress\/ -->\n<title>La Source en 1933 - Banneux Notre-Dame<\/title>\n<meta name=\"robots\" content=\"index, follow, max-snippet:-1, max-image-preview:large, max-video-preview:-1\" \/>\n<link rel=\"canonical\" href=\"https:\/\/banneux-nd.be\/es\/la-source-en-1933\/\" \/>\n<meta property=\"og:locale\" content=\"es_ES\" \/>\n<meta property=\"og:type\" content=\"article\" \/>\n<meta property=\"og:title\" content=\"La Source en 1933 - Banneux Notre-Dame\" \/>\n<meta property=\"og:description\" content=\"Creusement de la Source et premiers p\u00e8lerins\" \/>\n<meta property=\"og:url\" content=\"https:\/\/banneux-nd.be\/es\/la-source-en-1933\/\" \/>\n<meta property=\"og:site_name\" content=\"Banneux Notre-Dame\" \/>\n<meta property=\"article:publisher\" content=\"https:\/\/www.facebook.com\/NDBanneux\/\" \/>\n<meta property=\"og:image\" content=\"https:\/\/i0.wp.com\/banneux-nd.be\/wp-content\/uploads\/2018\/08\/Pelerins-entourant-la-source.jpg?w=527&#038;h=337&#038;ssl=1\" \/>\n<meta name=\"twitter:card\" content=\"summary_large_image\" \/>\n<script type=\"application\/ld+json\" class=\"yoast-schema-graph\">{\"@context\":\"https:\\\/\\\/schema.org\",\"@graph\":[{\"@type\":\"WebPage\",\"@id\":\"https:\\\/\\\/banneux-nd.be\\\/es\\\/la-source-en-1933\\\/\",\"url\":\"https:\\\/\\\/banneux-nd.be\\\/es\\\/la-source-en-1933\\\/\",\"name\":\"La Source en 1933 - Banneux Notre-Dame\",\"isPartOf\":{\"@id\":\"https:\\\/\\\/banneux-nd.be\\\/es\\\/#website\"},\"datePublished\":\"2018-08-30T17:54:50+00:00\",\"breadcrumb\":{\"@id\":\"https:\\\/\\\/banneux-nd.be\\\/es\\\/la-source-en-1933\\\/#breadcrumb\"},\"inLanguage\":\"es\",\"potentialAction\":[{\"@type\":\"ReadAction\",\"target\":[\"https:\\\/\\\/banneux-nd.be\\\/es\\\/la-source-en-1933\\\/\"]}]},{\"@type\":\"BreadcrumbList\",\"@id\":\"https:\\\/\\\/banneux-nd.be\\\/es\\\/la-source-en-1933\\\/#breadcrumb\",\"itemListElement\":[{\"@type\":\"ListItem\",\"position\":1,\"name\":\"Accueil\",\"item\":\"https:\\\/\\\/banneux-nd.be\\\/es\\\/\"},{\"@type\":\"ListItem\",\"position\":2,\"name\":\"La Source en 1933\"}]},{\"@type\":\"WebSite\",\"@id\":\"https:\\\/\\\/banneux-nd.be\\\/es\\\/#website\",\"url\":\"https:\\\/\\\/banneux-nd.be\\\/es\\\/\",\"name\":\"Banneux Notre-Dame\",\"description\":\"Sanctuaire de la Vierge des Pauvres (Belgique)\",\"potentialAction\":[{\"@type\":\"SearchAction\",\"target\":{\"@type\":\"EntryPoint\",\"urlTemplate\":\"https:\\\/\\\/banneux-nd.be\\\/es\\\/?s={search_term_string}\"},\"query-input\":{\"@type\":\"PropertyValueSpecification\",\"valueRequired\":true,\"valueName\":\"search_term_string\"}}],\"inLanguage\":\"es\"}]}<\/script>\n<!-- \/ Yoast SEO plugin. -->","yoast_head_json":{"title":"La Source en 1933 - Banneux Notre-Dame","robots":{"index":"index","follow":"follow","max-snippet":"max-snippet:-1","max-image-preview":"max-image-preview:large","max-video-preview":"max-video-preview:-1"},"canonical":"https:\/\/banneux-nd.be\/es\/la-source-en-1933\/","og_locale":"es_ES","og_type":"article","og_title":"La Source en 1933 - Banneux Notre-Dame","og_description":"Creusement de la Source et premiers p\u00e8lerins","og_url":"https:\/\/banneux-nd.be\/es\/la-source-en-1933\/","og_site_name":"Banneux Notre-Dame","article_publisher":"https:\/\/www.facebook.com\/NDBanneux\/","og_image":[{"url":"https:\/\/i0.wp.com\/banneux-nd.be\/wp-content\/uploads\/2018\/08\/Pelerins-entourant-la-source.jpg?w=527&#038;h=337&#038;ssl=1","type":"","width":"","height":""}],"twitter_card":"summary_large_image","schema":{"@context":"https:\/\/schema.org","@graph":[{"@type":"WebPage","@id":"https:\/\/banneux-nd.be\/es\/la-source-en-1933\/","url":"https:\/\/banneux-nd.be\/es\/la-source-en-1933\/","name":"La Source en 1933 - Banneux Notre-Dame","isPartOf":{"@id":"https:\/\/banneux-nd.be\/es\/#website"},"datePublished":"2018-08-30T17:54:50+00:00","breadcrumb":{"@id":"https:\/\/banneux-nd.be\/es\/la-source-en-1933\/#breadcrumb"},"inLanguage":"es","potentialAction":[{"@type":"ReadAction","target":["https:\/\/banneux-nd.be\/es\/la-source-en-1933\/"]}]},{"@type":"BreadcrumbList","@id":"https:\/\/banneux-nd.be\/es\/la-source-en-1933\/#breadcrumb","itemListElement":[{"@type":"ListItem","position":1,"name":"Accueil","item":"https:\/\/banneux-nd.be\/es\/"},{"@type":"ListItem","position":2,"name":"La Source en 1933"}]},{"@type":"WebSite","@id":"https:\/\/banneux-nd.be\/es\/#website","url":"https:\/\/banneux-nd.be\/es\/","name":"Banneux Notre-Dame","description":"Sanctuaire de la Vierge des Pauvres (Belgique)","potentialAction":[{"@type":"SearchAction","target":{"@type":"EntryPoint","urlTemplate":"https:\/\/banneux-nd.be\/es\/?s={search_term_string}"},"query-input":{"@type":"PropertyValueSpecification","valueRequired":true,"valueName":"search_term_string"}}],"inLanguage":"es"}]}},"coauthors":[],"author_meta":{"author_link":"https:\/\/banneux-nd.be\/es\/author\/dreusdeille\/","display_name":"Anne-Elisabeth N\u00e8ve"},"relative_dates":{"created":"Publicado 8 a\u00f1os hace","modified":"Actualizado 8 a\u00f1os hace"},"absolute_dates":{"created":"Publicado el 30 de agosto de 2018","modified":"Actualizado el 30 de agosto de 2018"},"absolute_dates_time":{"created":"Publicado el 30 de agosto de 2018 19:54","modified":"Actualizado el 30 de agosto de 2018 19:54"},"featured_img_caption":"","featured_img":false,"series_order":"","jetpack_sharing_enabled":true,"_links":{"self":[{"href":"https:\/\/banneux-nd.be\/es\/wp-json\/wp\/v2\/pages\/10725","targetHints":{"allow":["GET"]}}],"collection":[{"href":"https:\/\/banneux-nd.be\/es\/wp-json\/wp\/v2\/pages"}],"about":[{"href":"https:\/\/banneux-nd.be\/es\/wp-json\/wp\/v2\/types\/page"}],"author":[{"embeddable":true,"href":"https:\/\/banneux-nd.be\/es\/wp-json\/wp\/v2\/users\/4"}],"replies":[{"embeddable":true,"href":"https:\/\/banneux-nd.be\/es\/wp-json\/wp\/v2\/comments?post=10725"}],"version-history":[{"count":1,"href":"https:\/\/banneux-nd.be\/es\/wp-json\/wp\/v2\/pages\/10725\/revisions"}],"predecessor-version":[{"id":10798,"href":"https:\/\/banneux-nd.be\/es\/wp-json\/wp\/v2\/pages\/10725\/revisions\/10798"}],"wp:attachment":[{"href":"https:\/\/banneux-nd.be\/es\/wp-json\/wp\/v2\/media?parent=10725"}],"curies":[{"name":"wp","href":"https:\/\/api.w.org\/{rel}","templated":true}]}}