{"version":"1.0","provider_name":"Banneux Notre-Dame","provider_url":"https:\/\/banneux-nd.be\/fr\/","title":"Anniversaire des Apparitions 2026 - Banneux Notre-Dame","type":"rich","width":600,"height":338,"html":"<blockquote class=\"wp-embedded-content\" data-secret=\"502vXODGnU\"><a href=\"https:\/\/banneux-nd.be\/fr\/anniversaire-des-apparitions-2026\/\">Anniversaire des Apparitions 2026<\/a><\/blockquote><iframe sandbox=\"allow-scripts\" security=\"restricted\" src=\"https:\/\/banneux-nd.be\/fr\/anniversaire-des-apparitions-2026\/embed\/#?secret=502vXODGnU\" width=\"600\" height=\"338\" title=\"\u00ab\u00a0Anniversaire des Apparitions 2026\u00a0\u00bb &#8212; Banneux Notre-Dame\" data-secret=\"502vXODGnU\" frameborder=\"0\" marginwidth=\"0\" marginheight=\"0\" scrolling=\"no\" class=\"wp-embedded-content\"><\/iframe><script type=\"text\/javascript\">\n\/* <![CDATA[ *\/\n\/*! This file is auto-generated *\/\n!function(d,l){\"use strict\";l.querySelector&&d.addEventListener&&\"undefined\"!=typeof URL&&(d.wp=d.wp||{},d.wp.receiveEmbedMessage||(d.wp.receiveEmbedMessage=function(e){var t=e.data;if((t||t.secret||t.message||t.value)&&!\/[^a-zA-Z0-9]\/.test(t.secret)){for(var s,r,n,a=l.querySelectorAll('iframe[data-secret=\"'+t.secret+'\"]'),o=l.querySelectorAll('blockquote[data-secret=\"'+t.secret+'\"]'),c=new RegExp(\"^https?:$\",\"i\"),i=0;i<o.length;i++)o[i].style.display=\"none\";for(i=0;i<a.length;i++)s=a[i],e.source===s.contentWindow&&(s.removeAttribute(\"style\"),\"height\"===t.message?(1e3<(r=parseInt(t.value,10))?r=1e3:~~r<200&&(r=200),s.height=r):\"link\"===t.message&&(r=new URL(s.getAttribute(\"src\")),n=new URL(t.value),c.test(n.protocol))&&n.host===r.host&&l.activeElement===s&&(d.top.location.href=t.value))}},d.addEventListener(\"message\",d.wp.receiveEmbedMessage,!1),l.addEventListener(\"DOMContentLoaded\",function(){for(var e,t,s=l.querySelectorAll(\"iframe.wp-embedded-content\"),r=0;r<s.length;r++)(t=(e=s[r]).getAttribute(\"data-secret\"))||(t=Math.random().toString(36).substring(2,12),e.src+=\"#?secret=\"+t,e.setAttribute(\"data-secret\",t)),e.contentWindow.postMessage({message:\"ready\",secret:t},\"*\")},!1)))}(window,document);\n\/* ]]> *\/\n<\/script>\n","thumbnail_url":"https:\/\/banneux-nd.be\/wp-content\/uploads\/2026\/01\/Francais_page-0001.jpg","thumbnail_width":1241,"thumbnail_height":1754,"description":"Jeudi 15 janvier \u2013 Anniversaire 1i\u00e8re Apparition 8h30      Messe en fran\u00e7ais  11H30    Messe en fran\u00e7ais  15H00    Veill\u00e9e mariale et salut. (en 3 langues)  16H00    Messe internationale  19H00    Rosaire avec procession \u00e0 la source.          Dimanche 18 janvier \u2013 Anniversaire 2i\u00e8me Apparition 11h15    Messe internationale  15H00    Veill\u00e9e mariale et salut. (en 3 langues)  16h00    Messe en fran\u00e7ais  19H00    Rosaire avec procession \u00e0 la source.       Lundi 19 janvier \u2013 Anniversaire 3i\u00e8me Apparition 11h30    Messe en fran\u00e7ais  15H00    Veill\u00e9e mariale et salut. (en 3 langues)  16h00    Messe en fran\u00e7ais  19H00    Rosaire avec procession \u00e0 la source.       Mardi 20 janvier \u2013 Anniversaire 4i\u00e8me Apparition 11h30    Messe en fran\u00e7ais  15H00    Veill\u00e9e mariale et salut. (en 3 langues)  16h00    Messe en fran\u00e7ais  19H00    Rosaire avec procession \u00e0 la source.       Mercredi 11 f\u00e9vrier \u2013 Anniversaire 5i\u00e8me Apparition \u2013 Journ\u00e9e mondiale des malades 11h30    Messe en fran\u00e7ais  15H00    B\u00e9n\u00e9diction des malades. (en 3 langues)  16h00    Messe en fran\u00e7ais  19H00    Rosaire avec procession \u00e0 la source.       Dimanche 15 f\u00e9vrier \u2013 Anniversaire 6i\u00e8me Apparition 11h15    Messe internationale  15H00    Veill\u00e9e mariale et salut. (en 3 langues)  16h00    Messe en fran\u00e7ais  19H00    Rosaire avec procession \u00e0 la source.       Vendredi 20 f\u00e9vrier \u2013 Anniversaire 7i\u00e8me Apparition 11h30    Messe en fran\u00e7ais  15H00    Veill\u00e9e mariale et salut. (en 3 langues)  16h00    Messe en fran\u00e7ais  19H00    Rosaire avec procession \u00e0 la source.       Lundi 02 mars \u2013 Anniversaire 8i\u00e8me Apparition 10H30    Messe internationale  11h30    Messe en fran\u00e7ais  15H00    B\u00e9n\u00e9diction des malades. (en 3 langues)  16H00    Messe en fran\u00e7ais pr\u00e9sid\u00e9e par l\u2019Abb\u00e9 Palm, Recteur  19H00    Rosaire avec procession \u00e0 la source."}