{"id":1393,"date":"2015-07-20T08:56:23","date_gmt":"2015-07-20T06:56:23","guid":{"rendered":"http:\/\/wwwwp.banneux-nd.be\/reseau-marial-europeen\/"},"modified":"2024-04-18T17:52:08","modified_gmt":"2024-04-18T15:52:08","slug":"reseau-marial-europeen","status":"publish","type":"page","link":"https:\/\/banneux-nd.be\/fr\/reseau-marial-europeen\/","title":{"rendered":"R\u00e9seau marial europ\u00e9en"},"content":{"rendered":"<p class=\"rtejustify\" style=\"text-align: justify;\"><img fetchpriority=\"high\" decoding=\"async\" style=\"padding: 5px; margin-right: 5px;\" src=\"https:\/\/banneux-nd.be\/wp-content\/uploads\/2017\/08\/RME Chestokova.jpg\" alt=\"\" width=\"208\" height=\"288\" align=\"left\" \/>Le R\u00e9seau Marial Europ\u00e9en a \u00e9t\u00e9 constitu\u00e9 en 2003, \u00e0 l&#8217;initiative de Mgr Jacques Perrier, alors \u00e9v\u00eaque de Tarbes et Lourdes (France). Il a d\u2019embl\u00e9e b\u00e9n\u00e9fici\u00e9 des encouragements de Rome.<\/p>\n<p class=\"rtejustify\" style=\"text-align: justify;\">Les animateurs des sanctuaires membres du R\u00e9seau se r\u00e9unissent une fois par an pour mieux se conna\u00eetre mais, surtout, pour mieux conna\u00eetre les attentes des millions de personnes qui fr\u00e9quentent aujourd\u2019hui les sanctuaires, en p\u00e8lerins et en visiteurs.<\/p>\n<p class=\"rtejustify\" style=\"text-align: justify;\">Le R\u00e9seau Marial Europ\u00e9en relie vingt sanctuaires les uns aux autres. Beaucoup d\u2019entre eux sont situ\u00e9s au-del\u00e0 de l\u2019ancien &#8220;Rideau de Fer&#8221;. Presque tous les pays europ\u00e9ens y sont repr\u00e9sent\u00e9s. Pour chaque pays a \u00e9t\u00e9 choisi le sanctuaire que la population reconna\u00eet comme le plus important.<\/p>\n<p class=\"rtejustify\" style=\"text-align: justify;\"><img decoding=\"async\" style=\"padding: 5px; margin-left: 5px;\" src=\"https:\/\/banneux-nd.be\/wp-content\/uploads\/2017\/08\/RME Fatima 2.jpg\" alt=\"\" width=\"239\" height=\"194\" align=\"right\" \/>Pour la Belgique, c\u2019est le sanctuaire de Banneux qui a \u00e9t\u00e9 choisi. Le recteur honoraire, l\u2019abb\u00e9 Joseph Cassart (1994-2008), y a pris part depuis sa cr\u00e9ation \u00e0 Lourdes en 2003.<\/p>\n<p class=\"rtejustify\" style=\"text-align: justify;\">En 2003, Lourdes avait accueilli la premi\u00e8re de ces rencontres autour du th\u00e8me <em>Dans le cadre de l\u2019ann\u00e9e du Rosaire<\/em> \u00bb, ouvrant une r\u00e9elle communication entre les sanctuaires.<\/p>\n<p class=\"rtejustify\" style=\"text-align: justify;\">\n<p><strong>Voici\u00a0la liste des 21 sanctuaires membres du r\u00e9seau :<\/strong><\/p>\n<ol>\n<li style=\"text-align: justify;\"><strong>Alt\u00f6tting (Allemagne) &#8211; Notre-Dame des gr\u00e2ces\u00a0<\/strong>&#8211; La renomm\u00e9e du sanctuaire vient d\u2019un miracle, en 1489 : un enfant survit \u00e0 la noyade gr\u00e2ce \u00e0 une pri\u00e8re \u00e0 Notre-Dame. La statue est une Vierge noire, repr\u00e9sentant Marie avec l\u2019Enfant.<a href=\"http:\/\/www.altoetting-wallfahrt.de\/\" target=\"_blank\" rel=\"noopener\">\u00a0www.altoetting-wallfahrt.de<\/a><\/li>\n<li style=\"text-align: justify;\"><strong>Banneux (Belgique) &#8211; La Vierge des Pauvres\u00a0<\/strong>&#8211; \u00c0 l\u2019origine du sanctuaire, huit apparitions de Marie \u00e0 une fillette de 11 ans, Mariette Beco, d\u2019une famille peu pratiquante, entre le 15 janvier et le 2 mars 1933.\u00a0<a href=\"http:\/\/www.banneux-nd.be\/\" target=\"_blank\" rel=\"noopener\">www.banneux-nd.be<\/a><\/li>\n<li style=\"text-align: justify;\"><strong>Brezje (Slov\u00e9nie) &#8211; Marie Auxiliatrice &#8211;\u00a0<\/strong>\u00c0 l\u2019origine du sanctuaire, le voeu d\u2019un soldat au temps des guerres men\u00e9es en Europe par Napol\u00e9on 1<sup>er<\/sup> : s\u2019il revenait sain et sauf chez lui, il r\u00e9aliserait une image de la Vierge Marie. C\u2019est pourquoi le sanctuaire est d\u00e9di\u00e9 \u00e0 Marie \u00ab Auxiliatrice \u00bb (auxilium = aide).\u00a0<a href=\"http:\/\/www.marija.si\/\" target=\"_blank\" rel=\"noopener\">www.marija.si<\/a><\/li>\n<li style=\"text-align: justify;\"><strong>Cs\u00edksomly\u00f3 (Roumanie) &#8211; Notre Dame de Cs\u00edksomly\u00f3 &#8211;\u00a0<\/strong>\u00c0 l\u2019origine du sanctuaire, vers 1510, la v\u00e9n\u00e9ration d\u2019une grande statue de la vierge Marie. Les Franciscains \u00e9taient d\u00e9j\u00e0 pr\u00e9sents sur le lieu depuis un si\u00e8cle. Notre-Dame est repr\u00e9sent\u00e9e comme une reine.\u00a0<a href=\"http:\/\/www.csiksomlyo.ro\/\" target=\"_blank\" rel=\"noopener\">www.csiksomlyo.ro<\/a><\/li>\n<li style=\"text-align: justify;\"><strong>Czestochowa (Pologne) &#8211; Notre-Dame, Reine de Pologne &#8211;\u00a0<\/strong>\u00c0\u00a0l\u2019origine du sanctuaire, une image de la Vierge ab\u00eem\u00e9e par les partisans de Jean Hus, en 1430. L\u2019image fut imm\u00e9diatement restaur\u00e9e, en conservant la trace des deux blessures inflig\u00e9es \u00e0 l\u2019image primitive.\u00a0<a href=\"http:\/\/www.jasnagora.pl\/\" target=\"_blank\" rel=\"noopener\">www.jasnagora.pl<\/a><\/li>\n<li style=\"text-align: justify;\"><strong>Einsiedeln (Suisse) &#8211; Notre-Dame des ermites &#8211;\u00a0<\/strong>\u00c0 l\u2019origine du sanctuaire, la pr\u00e9sence d\u2019un saint ermite du 9<sup>\u00e8me<\/sup> si\u00e8cle, saint Meinrad, martyr. La statue v\u00e9n\u00e9r\u00e9e est une Vierge noire du 15<sup>\u00e8me<\/sup> si\u00e8cle.\u00a0<a href=\"http:\/\/www.kloster-einsiedeln.ch\/\" target=\"_blank\" rel=\"noopener\">www.kloster-einsiedeln.ch\u00a0<\/a><\/li>\n<li style=\"text-align: justify;\"><strong>Fatima (Portugal) &#8211; Reine de la paix et du monde &#8211;\u00a0\u00c0<\/strong>\u00a0l\u2019origine du sanctuaire, trois apparitions d\u2019un ange (en 1916) et six apparitions de la Vierge Marie, le 13 de chaque mois, entre le 13 mai et le 13 octobre 1917. Les voyants, Jacinthe, Fran\u00e7ois et Lucie, ont entre 7 et 10 ans. Lucie meurt en 2005.\u00a0<a href=\"http:\/\/www.fatima.pt\/\" target=\"_blank\" rel=\"noopener\">www.fatima.pt<\/a><\/li>\n<li style=\"text-align: justify;\"><strong>Gibraltar\u00a0<\/strong><strong>&#8211; Notre-Dame de l\u2019Europe<\/strong>\u00a0&#8211; Petit sanctuaire, plac\u00e9 sur le rocher, face \u00e0 la mer. D\u00e9di\u00e9 \u00e0 Notre-Dame de l\u2019Europe depuis l\u2019expulsion des Maures en 1309.\u00a0<a href=\"http:\/\/www.ourladyofeurope.net\/\" target=\"_blank\" rel=\"noopener\">www.ourladyofeurope.net<\/a><\/li>\n<li style=\"text-align: justify;\"><strong>Knock (R\u00e9publique d\u2019Irlande) &#8211; Notre-Dame, Reine de l\u2019Irlande &#8211;\u00a0<\/strong>\u00c0 l\u2019origine du sanctuaire, une apparition de Marie, le 21 ao\u00fbt 1879, \u00e0 une quinzaine de personnes, d\u2019\u00e2ges vari\u00e9s.\u00a0<a href=\"http:\/\/www.knock-shrine.ie\/\" target=\"_blank\" rel=\"noopener\">www.knock-shrine.ie<\/a><\/li>\n<li style=\"text-align: justify;\"><strong>Levoca (Slovaquie) &#8211; Notre-Dame de la Visitation &#8211;\u00a0<\/strong>\u00c0 l\u2019origine du sanctuaire, une statue de la Vierge v\u00eatue de soleil, datant du 15<sup>\u00e8me<\/sup> si\u00e8cle.\u00a0<a href=\"http:\/\/www.levoca.sk\/\" target=\"_blank\" rel=\"noopener\">www.levoca.sk<\/a><\/li>\n<li style=\"text-align: justify;\"><strong>Loreto (Italie) &#8211; La \u00ab Santa Casa \u00bb &#8211;\u00a0<\/strong>\u00c0 l\u2019origine du sanctuaire, l\u2019arriv\u00e9e en ce lieu des murs de la maisonnette occup\u00e9e par la famille de Marie, \u00e0 Nazareth, lieu de l\u2019Annonciation et de l\u2019Incarnation. Cette relique, apport\u00e9e en Italie \u00e0 la chute du royaume des Crois\u00e9s, fut acquise par Nic\u00e9phore Angeli\u00a0: de l\u00e0 vint la l\u00e9gende d\u2019un transport par les \u00ab\u00a0anges\u00a0\u00bb.\u00a0<a href=\"http:\/\/www.santuarioloreto.it\/\" target=\"_blank\" rel=\"noopener\">www.santuarioloreto.it<\/a><\/li>\n<li style=\"text-align: justify;\"><strong>Lourdes (France) &#8211; L\u2019Immacul\u00e9e Conception &#8211;\u00a0<\/strong>\u00c0\u00a0l\u2019origine du sanctuaire, les dix-huit apparitions de la Vierge Marie \u00e0 Bernadette Soubirous, entre le 11 f\u00e9vrier et le 16 juillet 1858. Le 25 mars, la Dame donne son nom\u00a0: \u00ab\u00a0Je suis l\u2019Immacul\u00e9e Conception\u00a0\u00bb. Le dogme avait \u00e9t\u00e9 proclam\u00e9 par le pape Pie IX le 8 d\u00e9cembre 1854.\u00a0<a href=\"http:\/\/fr.lourdes-france.org\/\">www.lourdes-france.org<\/a><\/li>\n<li style=\"text-align: justify;\"><strong>M\u00e1riap\u00f3cs (Hongrie) &#8211; Notre Dame de M\u00e1riap\u00f3cs &#8211;\u00a0<\/strong>\u00c0 l\u2019origine du sanctuaire, une ic\u00f4ne offerte en 1675 par un\u00a0 habitant pour remercier d\u2019avoir \u00e9t\u00e9 lib\u00e9r\u00e9 des Turcs. En 1696, l\u2019ic\u00f4ne pleure pendant des jours et des jours. Les t\u00e9moignages sont nombreux et s\u00e9rieux.\u00a0\u00a0<a href=\"http:\/\/www.bucsujaras.hu\/mariapocs\" target=\"_blank\" rel=\"noopener\">www.bucsujaras.hu\/mariapocs<\/a><\/li>\n<li style=\"text-align: justify;\"><strong>Mariazell (Autriche) &#8211; \u00ab La grande M\u00e8re de l\u2019Autriche \u00bb &#8211;\u00a0<\/strong>\u00c0 l\u2019origine du sanctuaire, le 21 d\u00e9cembre 1157, l\u2019arriv\u00e9e d\u2019un moine d\u00e9nomm\u00e9 Magnus envoy\u00e9 par son abb\u00e9 aupr\u00e8s de la population locale. Le moine apportait avec lui une statue de la Vierge. Sur son chemin, un rocher lui barra la route. Magnus d\u00e9posa la statue et b\u00e2tit, pour elle pour lui, une cellule (Cell ou Zell). Mariazell fut le sanctuaire marial principal de l\u2019Empire austro-hongrois.\u00a0<a href=\"http:\/\/www.basilika-mariazell.at\/\" target=\"_blank\" rel=\"noopener\">www.basilika-mariazell.at<\/a><\/li>\n<li style=\"text-align: justify;\"><strong>Marija Bistrica (Croatie) &#8211; Marie des Neiges &#8211;\u00a0<\/strong>\u00c0 l\u2019origine du sanctuaire, une statue de Marie avec l\u2019Enfant, oeuvre d\u2019art populaire, sans doute du 15<sup>\u00e8me<\/sup> si\u00e8cle.\u00a0<a href=\"http:\/\/www.info-marija-bistrica.hr\/\" target=\"_blank\" rel=\"noopener\">www.marija-bistrica.hr<\/a><\/li>\n<li style=\"text-align: justify;\"><strong>Malte &#8211; Notre-Dame de Mellieha &#8211;\u00a0<\/strong>\u00c0 l\u2019origine du sanctuaire, la tradition selon lequel saint Luc, accompagnant saint Paul lors de son s\u00e9jour \u00e0 Malte en l\u2019an 60, aurait peint une image de la Vierge. Celle que les p\u00e8lerins v\u00e9n\u00e8rent dans la grotte qui est au c\u0153ur du sanctuaire date du 12<sup>\u00e8me<\/sup> ou du 13<sup>\u00e8me<\/sup> si\u00e8cle. L\u2019image est peinte directement sur le rocher.\u00a0<a href=\"http:\/\/www.mellieha.com\/\" target=\"_blank\" rel=\"noopener\">www.mellieha.com<\/a><\/li>\n<li style=\"text-align: justify;\"><strong>Vilnius (Lituanie) &#8211; Notre-Dame de la Porte de l\u2019Aurore &#8211;\u00a0<\/strong>\u00c0\u00a0l\u2019origine du sanctuaire, un tableau du 17<sup>\u00e8me<\/sup> si\u00e8cle repr\u00e9sentant la Vierge sans l\u2019Enfant. L\u2019image \u00e9tait plac\u00e9e \u00e0 une des portes de la ville, la \u00ab\u00a0porte de l\u2019aurore\u00a0\u00bb.\u00a0<a href=\"http:\/\/www.ausrosvartai.lt\/\" target=\"_blank\" rel=\"noopener\">www.ausrosvartai.lt<\/a><\/li>\n<li style=\"text-align: justify;\"><strong>Walsingham (Angleterre) &#8211; La sainte Maison de l\u2019Annonciation &#8211;\u00a0<\/strong>\u00c0\u00a0l\u2019origine du sanctuaire, en 1061, la Vierge demanda la construction d\u2019une maison semblable \u00e0 celle de Nazareth. C\u2019est pourquoi le sanctuaire est appel\u00e9 le \u00ab Nazareth d\u2019Angleterre \u00bb.\u00a0<a href=\"http:\/\/www.walsingham.org.uk\/\" target=\"_blank\" rel=\"noopener\">www.walsingham.org.uk<\/a><\/li>\n<li style=\"text-align: justify;\"><strong>Zaragoza (Espagne) &#8211; Notre-Dame du Pilar &#8211;\u00a0<\/strong>\u00c0 l\u2019origine du sanctuaire, une tradition rapporte que la Vierge Marie serait apparue \u00e0 l\u2019ap\u00f4tre saint Jacques, vers l\u2019an 40. Elle l\u2019aurait encourag\u00e9 dans son activit\u00e9 pour annoncer l\u2019\u00c9vangile. Le nom du sanctuaire, devenu un pr\u00e9nom en Espagne, vient du \u00ab\u00a0pilier\u00a0\u00bb sur lequel la Vierge se serait manifest\u00e9e.\u00a0<a href=\"http:\/\/www.arzobispadodezaragoza.org\/\" target=\"_blank\" rel=\"noopener\">www.basilicadelpilar.es<\/a><\/li>\n<li style=\"text-align: justify;\"><strong>Zarvanyzia (Ukraine) &#8211; La M\u00e8re de Dieu, \u00e0 Zarvanyzia<\/strong>\u00a0&#8211; \u00c0 l\u2019origine du sanctuaire, une ic\u00f4ne du 13<sup>\u00e8me<\/sup> si\u00e8cle. Le sanctuaire, de rite gr\u00e9co-catholique, a \u00e9t\u00e9 d\u00e9truit en 1944.\u00a0 Les p\u00e8lerinages ont continu\u00e9 clandestinement, dans les bois. La reconstruction a commenc\u00e9 en 1991.<\/li>\n<li style=\"text-align: justify;\"><strong>M\u00e1travereb\u00e9ly (Hongrie) &#8211; Notre Dame de M\u00e1travereb\u00e9ly &#8211;\u00a0<\/strong>C&#8217;est un lieu de p\u00e8lerinage national pour les catholiques du pays. Son histoire date de 800 ans. Notre-Dame est apparue \u00e0 un jeune berger muet lui demandant de boire \u00e0 une source jaillissant du sol.\u00a0\u00c0 la suite de cela, le jeune berger a retrouv\u00e9 la parole.\u00a0<a href=\"http:\/\/www.matraverebely-szentkut.lap.hu\/\" target=\"_blank\" rel=\"noopener\">www.matraverebely-szentkut.lap.hu<\/a><\/li>\n<\/ol>\n","protected":false},"excerpt":{"rendered":"<p>Le R\u00e9seau Marial Europ\u00e9en a \u00e9t\u00e9 constitu\u00e9 en 2003, \u00e0 l&#8217;initiative de Mgr Jacques Perrier, alors \u00e9v\u00eaque de Tarbes et Lourdes (France). Il a d\u2019embl\u00e9e b\u00e9n\u00e9fici\u00e9 des encouragements de Rome. Les animateurs des sanctuaires membres du R\u00e9seau se r\u00e9unissent une fois par an pour mieux se conna\u00eetre mais, surtout, pour mieux conna\u00eetre les attentes des millions de personnes qui fr\u00e9quentent aujourd\u2019hui les sanctuaires, en p\u00e8lerins et en visiteurs. Le R\u00e9seau Marial Europ\u00e9en relie vingt sanctuaires les uns aux autres. Beaucoup d\u2019entre eux sont situ\u00e9s au-del\u00e0 de l\u2019ancien &#8220;Rideau de Fer&#8221;. Presque tous les pays europ\u00e9ens y sont repr\u00e9sent\u00e9s. Pour chaque pays a \u00e9t\u00e9 choisi le sanctuaire que la population reconna\u00eet comme le plus important. Pour la Belgique, c\u2019est le sanctuaire [&hellip;]<\/p>\n","protected":false},"author":2,"featured_media":0,"parent":0,"menu_order":0,"comment_status":"closed","ping_status":"closed","template":"","meta":{"advgb_blocks_editor_width":"","advgb_blocks_columns_visual_guide":"","jetpack_post_was_ever_published":false,"footnotes":""},"class_list":["post-1393","page","type-page","status-publish","hentry"],"yoast_head":"<!-- This site is optimized with the Yoast SEO plugin v27.5 - https:\/\/yoast.com\/product\/yoast-seo-wordpress\/ -->\n<title>R\u00e9seau marial europ\u00e9en - Banneux Notre-Dame<\/title>\n<meta name=\"robots\" content=\"index, follow, max-snippet:-1, max-image-preview:large, max-video-preview:-1\" \/>\n<link rel=\"canonical\" href=\"https:\/\/banneux-nd.be\/fr\/reseau-marial-europeen\/\" \/>\n<meta property=\"og:locale\" content=\"fr_FR\" \/>\n<meta property=\"og:type\" content=\"article\" \/>\n<meta property=\"og:title\" content=\"R\u00e9seau marial europ\u00e9en - Banneux Notre-Dame\" \/>\n<meta property=\"og:description\" content=\"Le R\u00e9seau Marial Europ\u00e9en a \u00e9t\u00e9 constitu\u00e9 en 2003, \u00e0 l&#8217;initiative de Mgr Jacques Perrier, alors \u00e9v\u00eaque de Tarbes et Lourdes (France). Il a d\u2019embl\u00e9e b\u00e9n\u00e9fici\u00e9 des encouragements de Rome. Les animateurs des sanctuaires membres du R\u00e9seau se r\u00e9unissent une fois par an pour mieux se conna\u00eetre mais, surtout, pour mieux conna\u00eetre les attentes des millions de personnes qui fr\u00e9quentent aujourd\u2019hui les sanctuaires, en p\u00e8lerins et en visiteurs. Le R\u00e9seau Marial Europ\u00e9en relie vingt sanctuaires les uns aux autres. Beaucoup d\u2019entre eux sont situ\u00e9s au-del\u00e0 de l\u2019ancien &#8220;Rideau de Fer&#8221;. Presque tous les pays europ\u00e9ens y sont repr\u00e9sent\u00e9s. Pour chaque pays a \u00e9t\u00e9 choisi le sanctuaire que la population reconna\u00eet comme le plus important. Pour la Belgique, c\u2019est le sanctuaire [&hellip;]\" \/>\n<meta property=\"og:url\" content=\"https:\/\/banneux-nd.be\/fr\/reseau-marial-europeen\/\" \/>\n<meta property=\"og:site_name\" content=\"Banneux Notre-Dame\" \/>\n<meta property=\"article:publisher\" content=\"https:\/\/www.facebook.com\/NDBanneux\/\" \/>\n<meta property=\"article:modified_time\" content=\"2024-04-18T15:52:08+00:00\" \/>\n<meta name=\"twitter:card\" content=\"summary_large_image\" \/>\n<meta name=\"twitter:label1\" content=\"Dur\u00e9e de lecture estim\u00e9e\" \/>\n\t<meta name=\"twitter:data1\" content=\"6 minutes\" \/>\n<script type=\"application\/ld+json\" class=\"yoast-schema-graph\">{\"@context\":\"https:\\\/\\\/schema.org\",\"@graph\":[{\"@type\":\"WebPage\",\"@id\":\"https:\\\/\\\/banneux-nd.be\\\/fr\\\/reseau-marial-europeen\\\/\",\"url\":\"https:\\\/\\\/banneux-nd.be\\\/fr\\\/reseau-marial-europeen\\\/\",\"name\":\"R\u00e9seau marial europ\u00e9en - Banneux Notre-Dame\",\"isPartOf\":{\"@id\":\"https:\\\/\\\/banneux-nd.be\\\/fr\\\/#website\"},\"datePublished\":\"2015-07-20T06:56:23+00:00\",\"dateModified\":\"2024-04-18T15:52:08+00:00\",\"breadcrumb\":{\"@id\":\"https:\\\/\\\/banneux-nd.be\\\/fr\\\/reseau-marial-europeen\\\/#breadcrumb\"},\"inLanguage\":\"fr-FR\",\"potentialAction\":[{\"@type\":\"ReadAction\",\"target\":[\"https:\\\/\\\/banneux-nd.be\\\/fr\\\/reseau-marial-europeen\\\/\"]}]},{\"@type\":\"BreadcrumbList\",\"@id\":\"https:\\\/\\\/banneux-nd.be\\\/fr\\\/reseau-marial-europeen\\\/#breadcrumb\",\"itemListElement\":[{\"@type\":\"ListItem\",\"position\":1,\"name\":\"Accueil\",\"item\":\"https:\\\/\\\/banneux-nd.be\\\/fr\\\/\"},{\"@type\":\"ListItem\",\"position\":2,\"name\":\"R\u00e9seau marial europ\u00e9en\"}]},{\"@type\":\"WebSite\",\"@id\":\"https:\\\/\\\/banneux-nd.be\\\/fr\\\/#website\",\"url\":\"https:\\\/\\\/banneux-nd.be\\\/fr\\\/\",\"name\":\"Banneux Notre-Dame\",\"description\":\"Sanctuaire de la Vierge des Pauvres (Belgique)\",\"potentialAction\":[{\"@type\":\"SearchAction\",\"target\":{\"@type\":\"EntryPoint\",\"urlTemplate\":\"https:\\\/\\\/banneux-nd.be\\\/fr\\\/?s={search_term_string}\"},\"query-input\":{\"@type\":\"PropertyValueSpecification\",\"valueRequired\":true,\"valueName\":\"search_term_string\"}}],\"inLanguage\":\"fr-FR\"}]}<\/script>\n<!-- \/ Yoast SEO plugin. -->","yoast_head_json":{"title":"R\u00e9seau marial europ\u00e9en - Banneux Notre-Dame","robots":{"index":"index","follow":"follow","max-snippet":"max-snippet:-1","max-image-preview":"max-image-preview:large","max-video-preview":"max-video-preview:-1"},"canonical":"https:\/\/banneux-nd.be\/fr\/reseau-marial-europeen\/","og_locale":"fr_FR","og_type":"article","og_title":"R\u00e9seau marial europ\u00e9en - Banneux Notre-Dame","og_description":"Le R\u00e9seau Marial Europ\u00e9en a \u00e9t\u00e9 constitu\u00e9 en 2003, \u00e0 l&#8217;initiative de Mgr Jacques Perrier, alors \u00e9v\u00eaque de Tarbes et Lourdes (France). Il a d\u2019embl\u00e9e b\u00e9n\u00e9fici\u00e9 des encouragements de Rome. Les animateurs des sanctuaires membres du R\u00e9seau se r\u00e9unissent une fois par an pour mieux se conna\u00eetre mais, surtout, pour mieux conna\u00eetre les attentes des millions de personnes qui fr\u00e9quentent aujourd\u2019hui les sanctuaires, en p\u00e8lerins et en visiteurs. Le R\u00e9seau Marial Europ\u00e9en relie vingt sanctuaires les uns aux autres. Beaucoup d\u2019entre eux sont situ\u00e9s au-del\u00e0 de l\u2019ancien &#8220;Rideau de Fer&#8221;. Presque tous les pays europ\u00e9ens y sont repr\u00e9sent\u00e9s. Pour chaque pays a \u00e9t\u00e9 choisi le sanctuaire que la population reconna\u00eet comme le plus important. Pour la Belgique, c\u2019est le sanctuaire [&hellip;]","og_url":"https:\/\/banneux-nd.be\/fr\/reseau-marial-europeen\/","og_site_name":"Banneux Notre-Dame","article_publisher":"https:\/\/www.facebook.com\/NDBanneux\/","article_modified_time":"2024-04-18T15:52:08+00:00","twitter_card":"summary_large_image","twitter_misc":{"Dur\u00e9e de lecture estim\u00e9e":"6 minutes"},"schema":{"@context":"https:\/\/schema.org","@graph":[{"@type":"WebPage","@id":"https:\/\/banneux-nd.be\/fr\/reseau-marial-europeen\/","url":"https:\/\/banneux-nd.be\/fr\/reseau-marial-europeen\/","name":"R\u00e9seau marial europ\u00e9en - Banneux Notre-Dame","isPartOf":{"@id":"https:\/\/banneux-nd.be\/fr\/#website"},"datePublished":"2015-07-20T06:56:23+00:00","dateModified":"2024-04-18T15:52:08+00:00","breadcrumb":{"@id":"https:\/\/banneux-nd.be\/fr\/reseau-marial-europeen\/#breadcrumb"},"inLanguage":"fr-FR","potentialAction":[{"@type":"ReadAction","target":["https:\/\/banneux-nd.be\/fr\/reseau-marial-europeen\/"]}]},{"@type":"BreadcrumbList","@id":"https:\/\/banneux-nd.be\/fr\/reseau-marial-europeen\/#breadcrumb","itemListElement":[{"@type":"ListItem","position":1,"name":"Accueil","item":"https:\/\/banneux-nd.be\/fr\/"},{"@type":"ListItem","position":2,"name":"R\u00e9seau marial europ\u00e9en"}]},{"@type":"WebSite","@id":"https:\/\/banneux-nd.be\/fr\/#website","url":"https:\/\/banneux-nd.be\/fr\/","name":"Banneux Notre-Dame","description":"Sanctuaire de la Vierge des Pauvres (Belgique)","potentialAction":[{"@type":"SearchAction","target":{"@type":"EntryPoint","urlTemplate":"https:\/\/banneux-nd.be\/fr\/?s={search_term_string}"},"query-input":{"@type":"PropertyValueSpecification","valueRequired":true,"valueName":"search_term_string"}}],"inLanguage":"fr-FR"}]}},"coauthors":[],"author_meta":{"author_link":"https:\/\/banneux-nd.be\/fr\/author\/adminfr\/","display_name":"adminFR"},"relative_dates":{"created":"Publi\u00e9 11 ans il y a","modified":"Mis \u00e0 jour 2 ans il y a"},"absolute_dates":{"created":"Publi\u00e9 le 07\/20\/2015","modified":"Mise \u00e0 jour le 04\/18\/2024"},"absolute_dates_time":{"created":"Publi\u00e9 le 07\/20\/2015 8 h 56 min","modified":"Mise \u00e0 jour le 04\/18\/2024 17 h 52 min"},"featured_img_caption":"","featured_img":false,"series_order":"","jetpack_sharing_enabled":true,"_links":{"self":[{"href":"https:\/\/banneux-nd.be\/fr\/wp-json\/wp\/v2\/pages\/1393","targetHints":{"allow":["GET"]}}],"collection":[{"href":"https:\/\/banneux-nd.be\/fr\/wp-json\/wp\/v2\/pages"}],"about":[{"href":"https:\/\/banneux-nd.be\/fr\/wp-json\/wp\/v2\/types\/page"}],"author":[{"embeddable":true,"href":"https:\/\/banneux-nd.be\/fr\/wp-json\/wp\/v2\/users\/2"}],"replies":[{"embeddable":true,"href":"https:\/\/banneux-nd.be\/fr\/wp-json\/wp\/v2\/comments?post=1393"}],"version-history":[{"count":1,"href":"https:\/\/banneux-nd.be\/fr\/wp-json\/wp\/v2\/pages\/1393\/revisions"}],"predecessor-version":[{"id":18390,"href":"https:\/\/banneux-nd.be\/fr\/wp-json\/wp\/v2\/pages\/1393\/revisions\/18390"}],"wp:attachment":[{"href":"https:\/\/banneux-nd.be\/fr\/wp-json\/wp\/v2\/media?parent=1393"}],"curies":[{"name":"wp","href":"https:\/\/api.w.org\/{rel}","templated":true}]}}