{"id":7801,"date":"2018-05-11T17:15:30","date_gmt":"2018-05-11T15:15:30","guid":{"rendered":"http:\/\/wwwwp2.banneux-nd.be\/altri-luoghi\/"},"modified":"2018-05-30T21:36:11","modified_gmt":"2018-05-30T19:36:11","slug":"altri-luoghi","status":"publish","type":"page","link":"https:\/\/banneux-nd.be\/it\/altri-luoghi\/","title":{"rendered":"Altri luoghi"},"content":{"rendered":"<p style=\"text-align: center;\"><a href=\"#monumenti-storia\">Monumenti legati alla storia di Banneux<\/a><br \/>\n<a href=\"#statue-santi\">Statue di santi e monumenti<\/a><br \/>\n<a href=\"#monumenti-croci\">Monumenti e croci nazionali o tematiche<\/a><br \/>\n<a href=\"#monumenti-altri\">Altri luoghi o souvenirs<\/a><\/p>\n<hr \/>\n<h4 style=\"text-align: center;\"><a id=\"monumenti-storia\"><\/a><strong>Monumenti legati alla storia di Banneux<\/strong><\/h4>\n<p style=\"text-align: justify;\"><strong>Riconoscimento ufficiale delle Apparizioni<\/strong><\/p>\n<p style=\"text-align: justify;\">Il 22 agosto 1949 Mons. Louis-Joseph Kerkhofs, Vescovo di Liegi, riconosceva \u2013senza riserve- la realt\u00e0 delle 8 apparizioni a Mariette B\u00e9co.<\/p>\n<p style=\"text-align: justify;\">Il testo del documento di approvazione \u00e8 riportato su una stele di pietra, collocata davanti alla Sorgente.<\/p>\n<hr \/>\n<p style=\"text-align: justify;\"><strong>Statua della Vergine dei Poveri (ingresso dell\u2019Esplanade) (# 19)<\/strong><\/p>\n<p style=\"text-align: justify;\">S. Em. Card. Schotte, Segretario generale del Sinodo dei Vescovi, ha benedetto la statua il 22 agosto 1999 (50\u00b0 anniversario del riconoscimento ufficiale delle Apparizioni).<\/p>\n<p style=\"text-align: justify;\">Alta oltre 2 metri, scolpita in marmo di Carrata da Marco Giannoni, di Pietrasanta, la statua \u00e8 stata offerta dai pellegrini italiani che vengono ogni anno a Banneux.<\/p>\n<hr \/>\n<p style=\"text-align: justify;\"><strong>Monumento dell\u2019Unione Internazionale di Preghiera (U.I.P.) (# 15)<\/strong><\/p>\n<p style=\"text-align: justify;\">Istituzione fondata il 24 settembre 1934 da Mons. Kerkhofs e dal Cappellano Jamin, per meglio rispondere alla richiesta impellente formulata dalla Vergine: <em>Pregate molto\u2026 Pregate molto\u2026 Pregate molto<\/em>. In tutto il mondo, milioni di fedeli si uniscono alle preghiere che ogni sera, alle ore 19.00, si recitano a Banneux sui luoghi delle Apparizioni.<\/p>\n<hr \/>\n<h4 style=\"text-align: center;\"><a id=\"statue-santi\"><\/a><strong>Statue di santi e monumenti<\/strong><\/h4>\n<p><strong>Monumento a Sant\u2019Anna (# 12)<\/strong><\/p>\n<p style=\"text-align: justify;\">Sant\u2019Anna, simbolo di tutte le nonne, merita l\u2019omaggio dei pellegrini che accorrono a venerare la figlia. La statua rappresenta il momento in cui, durante la lettura dei Sacri Testi, Sant\u2019Anna illustra la profezia di Isaia: <em>Ecce Virgo concipiet\u2026 Ecco che una Vergine concepir\u00e0\u2026<\/em><\/p>\n<hr \/>\n<p style=\"text-align: justify;\"><strong>Monumento in onore di Sant\u2019Alfonso Maria de Liguori (1696-1787) (# 37)<\/strong><\/p>\n<p style=\"text-align: justify;\">Sant\u2019Alfonso, Dottore della Chiesa, \u00e8 il fondatore della Congregazione dei Padri Redentoristi; si \u00e8 caratterizzato per la fede, la piet\u00e0, l\u2019apostolato, sempre spronando i suoi Confratelli ad evangelizzare e soccorrere i poveri.<\/p>\n<p style=\"text-align: justify;\">La colonna in stile barocco evoca il periodo storico durante il quale visse Sant\u2019Alfonso; un masso roccioso (la Chiesa) regge la colonna alla quale si sorregge Sant\u2019Alfonso (che confida nella Chiesa e si alimenta alla Parola di Dio). Il dinamismo della figura, resa come pronta all\u2019azione, evidenzia l\u2019ardore apostolico del Santo.<\/p>\n<p style=\"text-align: justify;\">La statua fu collocata nel 1966 e la sua collocazione appare del tutto appropriata, poich\u00e9 lo zelo di Sant\u2019Alfonso per i poveri fu ispirato dalla stessa Vergine che poi venne a rivelarsi a Banneux: appunto la \u201cVergine dei Poveri\u201d.<\/p>\n<hr \/>\n<p style=\"text-align: justify;\"><strong>Monumento a Sant\u2019Ignazio di Loyola (1491-1556) (# 38)<\/strong><\/p>\n<p style=\"text-align: justify;\">Dopo una carriera militare Sant\u2019Ignazio divenne fervente soldato di Cristo e fond\u00f2 la Compagnia di Ges\u00f9 (da qui il termine \u201cGesuiti\u201d).<\/p>\n<p style=\"text-align: justify;\">Nel 1991, in occasione del 5\u00b0 centenario della sua nascita, una piccola edicola fu costruita lungo il tragitto che conduce alla \u201cCappella di San Michele\u201d: Progettata da un giovane architetto appartenente alla Compagnia di Ges\u00f9, la costruzione ricorda la veglia notturna di Sant\u2019Ignazio ed il dono della spada al Bambino Ges\u00f9, seduto sulle ginocchia della Madre.<\/p>\n<p style=\"text-align: justify;\">Lungo un muro semicircolare si ergono si snodano i 15 misteri del Rosario.<\/p>\n<p style=\"text-align: justify;\">La simbologia rappresenta la Vergine e Ges\u00f9 che sovrastano Ignazio; ci\u00f2 ci ricorda che \u00e8 proprio da gesti umili, semplici, che Ignazio ha potuto diventare un grande mistico, estendendo l\u2019opera della sua Congregazione in tutto il mondo, appunto \u201cper tutte le nazioni\u201d.<\/p>\n<hr \/>\n<p style=\"text-align: justify;\"><strong>Cappella San Michele e santa Giovanna d\u2019Arco (# 40)<\/strong><\/p>\n<p style=\"text-align: justify;\">Costruita dai pellegrini tedeschi \u00e8 l\u2019esatta replica della Cappella che si erge a Rhondorf, presso Bonn in Germania; qui nacque il Cancelliere Adenauer, sostenitore della concordia tra le nazioni e cofondatore, con De Gasperi e Schumann, della Comunit\u00e0 Europea. Dedicata a San Michele, Patrono della Germania, la Cappella fu costruita nel 1960; la prima pietra fu benedetta dall\u2019Abate Paul Adenauer, figlio del Cancelliere.<\/p>\n<hr \/>\n<p style=\"text-align: justify;\"><strong>Santi fondatori dei Servi di Maria (# 39)<\/strong><\/p>\n<p style=\"text-align: justify;\">Uomini ricchi che abbandonano lussi e fasti per distinguersi nella devozione a Maria e nel servizio a poveri ed ammalati.<\/p>\n<p style=\"text-align: justify;\">L\u2019edicola li rappresenta in preghiera davanti alla Vergine dei Poveri. La piccola costruzione, rifacimento di una precedente, \u00e8 stata benedetta il 18 luglio 1983.<\/p>\n<hr \/>\n<p style=\"text-align: justify;\"><strong>Statua di Santa Bernardetta Soubirous (1844-1879) (# 44)<\/strong><\/p>\n<p style=\"text-align: justify;\">Il Cappellano Louis Jamin desiderava ardentemente poter collocare una statua della Santa, per ricordarla tra le grandi figure che hanno servito Maria, al pari di San Bernardo, San Giovanni, Sant\u2019Ignazio, ecc.<\/p>\n<p style=\"text-align: justify;\">Mons. Ricaud, Rettore dei Santuari di Lourdes ed, al tempo, assiduo pellegrino a Banneux, ha offerto la statua, ora collocata in prossimit\u00e0 dell\u2019Esplanade.<\/p>\n<p style=\"text-align: justify;\">In occasione, poi, del 50\u00b0 anniversario del riconoscimento ufficiale delle apparizioni, una grande statua della Vergine dei Poveri \u00e8 stata collocata all\u2019ingresso dell\u2019Esplanade; questa statua riproduce l\u2019episodio della 4\u00b0 apparizione, allorch\u00e9 la Vergine benedisse Mariette B\u00e9co.<\/p>\n<hr \/>\n<p style=\"text-align: justify;\"><strong>Statua di Sante Tersa del Bambino Ges\u00f9 (1873-1897) (# 45)<\/strong><\/p>\n<p style=\"text-align: justify;\">Th\u00e9r\u00e8se Martin, religiosa del Carmelo, si abbandona all\u2019Amore Misericordioso: Ges\u00f9 Bambino, sulle ginocchia di sua Madre, porge delle rose alla Santa e quest\u2019ultima, le sparge per terra; la statua fu collocata il giorno 11 agosto del 1967.<\/p>\n<hr \/>\n<p style=\"text-align: justify;\"><strong>Statua di San Luigi Maria Grignion de Montfort (1673-1716) (# 17)<\/strong><\/p>\n<p style=\"text-align: justify;\">Il Santo \u00e8 presentato come un pellegrino in marcia verso la sorgente, cappello sotto braccio e bastone in mano.<\/p>\n<p style=\"text-align: justify;\">La generosit\u00e0 dei Padri Monfortani ha consentito la costruzione di un vasto porticato, nei pressi della sorgente, sovrastato da questa frase propria del Santo: \u201cUt adveniat regnum Christi, adveniat regnum Mariae (Venga il regno di Maria affinch\u00e8 si instauri il regno di Cristo\u201d).<\/p>\n<p style=\"text-align: justify;\">L\u2019ambiente \u00e8 stato inaugurato l\u20198 dicembre 1958 da Mons. Theunissen, Vicario Apostolati in Zambia; il giorno precedente una grande celebrazione diocesana aveva solennemente concluso l\u2019Anno Mariano promosso da Mons. Kerkhofs in occasione del 50\u00b0 anniversario delle Apparizioni a Banneux.<\/p>\n<p style=\"text-align: justify;\">In occasione del 300\u00b0 anniversario di fondazione della Congregazione, i Padri Monfortani aggiunsero \u2013sulle pareti del porticato- la seguente dedica, tradotta in 4 lingue:<\/p>\n<p style=\"text-align: center;\"><em>Sacerdote secondo il cuore di Cristo:<\/em><br \/>\n<em> povero con i poveri<\/em><br \/>\n<em> predicatore instancabile<\/em><br \/>\n<em> amico della Croce<\/em><br \/>\n<em> consacrato a Maria<\/em><br \/>\n<em> saggio consigliere<\/em><br \/>\n<em> guida spirituale<\/em><br \/>\n<em> sempre rivolto alla Sorgente,<\/em><br \/>\n<em> si fece tutto a tutti.<\/em><\/p>\n<hr \/>\n<p style=\"text-align: justify;\"><strong>Statua di Saint Pierre-Julien Eymard (1811-1868) (#35)<\/strong><\/p>\n<p style=\"text-align: justify;\">Nato a Grenoble, divenne Superiore Generale dei Maristi dopo aver servito gli Oblati di Maria. Grande servitore dei poveri fond\u00f2 poi l\u2019Istituto dei Padri del Santo Sacramento, vocato alla devozione perpetua.<\/p>\n<p style=\"text-align: justify;\">La statua fu eretta nel 1963 a memoria della sua cura per gli indigenti e del grande servizio reso nella devozione a Maria ed al SS. Sacramento.<\/p>\n<hr \/>\n<p style=\"text-align: justify;\"><strong>Statua di Padre Pio (1887-1968) (# 30)<\/strong><\/p>\n<p style=\"text-align: justify;\">Padre Pio, il suo amore per la Mamma che lo conduce a Ges\u00f9, \u00e8 ricordato per il Rosario (\u201cla dolce catena che ci lega a Dio\u201d) che tiene costantemente in mano, per le stimmate che lo uniscono a Cristo sofferente, per l\u2019Eucaristia che privilegia l\u2019incontro con il Signore, la preghiera davanti al SS. Sacramento, il sacramento della Riconciliazione che ci riporta a Dio misericordioso.<\/p>\n<p style=\"text-align: justify;\">La statua \u00e8 stata benedetta nel 1999, anno della sua beatificazione, ad opera di Papa Giovanni Paolo II.<\/p>\n<hr \/>\n<p style=\"text-align: justify;\"><strong>Oratorio di San Damiano de Veuster (1840-1889) (# 49)<\/strong><\/p>\n<p>Costruito durante l\u2019inverno 2011-2012 si trova nei pressi della statua di Padre Eymard.<\/p>\n<p>I bassorilievi sono opera di Pascal Beauvais, scultore francese.<\/p>\n<hr \/>\n<h4 style=\"text-align: center;\"><a id=\"monumenti-croci\"><\/a><strong>Monumenti e croci nazionali o tematiche<\/strong><\/h4>\n<p style=\"text-align: justify;\"><strong>Stele dei Gitani<\/strong><\/p>\n<p style=\"text-align: justify;\">Collocata da questo speciale gruppo di fedeli che ogni anno si ritrova a Banneux, in occasione del 30\u00b0 Pellegrinaggio, svoltosi nel 1997.<\/p>\n<hr \/>\n<p style=\"text-align: justify;\"><strong>Croce degli Ungheresi<\/strong><\/p>\n<p style=\"text-align: justify;\">Eretta nel 1956, ricorda l\u2019eccidio degli Ungheresi caduti a Budapest \u2013nello stesso anno- per la libert\u00e0.<\/p>\n<p style=\"text-align: justify;\">Il 25 agosto 1968 circa 800 rifugiati ungheresi, emigrati in Belgio, si sono riuniti per festeggiare Santo Stefano, primo re d\u2019Ungheria, che \u2013prima di morire- aveva solennemente affidato la nazione alla Vergine Santissima.<\/p>\n<p style=\"text-align: justify;\">Da allora, ogni anno, gli Ungheresi residenti a Liegi e dintorni giungono a Banneux la notte del 31 ottobre.<\/p>\n<hr \/>\n<p style=\"text-align: justify;\"><strong>Croce armena (# 48)<\/strong><\/p>\n<p style=\"text-align: justify;\">La tipica croce armena (\u201ckhatchkar\u201d) \u00e8 stata inaugurata il 22 maggio 2010; l\u2019iniziativa \u00e8 stata assunta dalla famiglia di un armeno giunto in Belgio nel 1999, che si rec\u00f2 sovente a Banneux dopo aver conosciuto la localit\u00e0 grazie ad un conterraneo.<\/p>\n<hr \/>\n<p style=\"text-align: justify;\"><strong>Stele della fraternit\u00e0 Liegi-Cina (# 33)<\/strong><\/p>\n<p style=\"text-align: justify;\">Costituita nel 1999, questa Fraternit\u00e0 conferma nelle finalit\u00e0 l\u2019intenso legame dei cristiani di Liegi con il mondo cinese, risalente al 1933 quando don Joseph Fan fu ordinato Vescovo a Roma; al suo ritorno in Cina, dopo un passaggio a Banneux, il Vescovo Fan fece conoscere il Messaggio delle Apparizioni, sviluppando una particolare e crescente devozione.<\/p>\n<p style=\"text-align: justify;\">La Fraternit\u00e0 collabora con la sezione Verbiest dei Padri di Scheut, presenti in Cina dal 1865.<\/p>\n<hr \/>\n<p style=\"text-align: justify;\"><strong>Statua di N.S. di Walsingham (# 32)<\/strong><\/p>\n<p style=\"text-align: justify;\">N.S. di Walsingham \u00e8 il principale santuario mariano inglese, edificato nel 1061, ristrutturato nel 1934, il cui culto si \u00e8 sviluppato attorno ad una statua collocata in una nicchia; una Vergine incoronata \u00e8 seduta su un trono (il \u201ctrono della Saggezza\u201d), a fianco un Cristo adolescente, la cui incarnazione dipende dal \u201cs\u00ec\u201d della Madre, i cui piedi nudi rivelano la sua umanit\u00e0 pur essendo Egli la guida dell\u2019universo.<\/p>\n<p style=\"text-align: justify;\">La statua fu collocata il 13 agosto 2003 in occasione del 50\u00b0 anniversario del pellegrinaggio inglese a Banneux, ma ricorda anche lo spirito ecumenico di Walsingham, ove anglicani e cattolici organizzano pellegrinaggi insieme, mentre gli ortodossi amministrano anche una Chiesa parrocchiale.<\/p>\n<hr \/>\n<p style=\"text-align: justify;\"><strong>Stele del Vietnam (# 31)<\/strong><\/p>\n<p style=\"text-align: justify;\">Ogni primo sabato del mese un gruppo di preghiera vietnamita si riunisce a Banneux. La costruzione ricorda i cristiani perseguitati e martiri in Vietnam, a partire da quelli che dal 1798 al 1886 vissero nella foresta di La Vang ove, ogni sera, si radunavano in preghiera davanti ad una piccola icona mariana; nel 1901 il Vescovo della Diocesi di Hu\u00e8 dichiar\u00f2 la Madonna di La Vang protettrice dei Cattolici e la localit\u00e0 \u00e8 diventata \u201cCentro nazionale di spiritualit\u00e0 mariana\u201d.<\/p>\n<hr \/>\n<p style=\"text-align: justify;\"><strong>Monumento Ucraino<\/strong><\/p>\n<p style=\"text-align: justify;\">Una imponente pietra tombale \u00e8 spezzata in due parti, tra le quali si erge, fieramente, una solida croce di legno.<\/p>\n<p style=\"text-align: justify;\">Il monumento, collocato nel 1990, ricorda il millenario della Fede cristiana in Ucraina (988-1988), ma anche la terribile carestia del 1933 che, voluta ed organizzata a Mosca, cost\u00f2 la morte di 7 milioni di persone.<\/p>\n<p style=\"text-align: justify;\">La fede cristiana di un popolo, che il regime ateo aveva giurato di seppellire, si risveglia con una ritrovata libert\u00e0, conquistata per il tramite di una vittoria d\u2019amore (la Croce spezza la pietra tombale).<\/p>\n<hr \/>\n<p style=\"text-align: justify;\"><strong>Croci Rumene<\/strong><\/p>\n<p style=\"text-align: justify;\">In memoria dei martiri e degli eroi vittime del totalitarismo ateo, una prima statua fu eretta a Banneux nel 1995, a breve seguita da una seconda che ricorda i caduti per testimoniare la fede in Dio.<\/p>\n<p style=\"text-align: justify;\">Le due statue ricordano il particolare legame di Banneux con la Romania, laddove la Vergine dei Poveri \u00e8 particolarmente venerata dai Cattolici di rito bizantino. A Carbounari, poi, \u00e8 stata edificata una piccola Cappella, copia identica a quella di Banneux.<\/p>\n<hr \/>\n<h4 style=\"text-align: center;\"><a id=\"monumenti-altri\"><\/a><strong>Altri luoghi o souvenirs<\/strong><\/h4>\n<p style=\"text-align: justify;\"><strong>Via Crucis (# 42)<\/strong><\/p>\n<p style=\"text-align: justify;\">Progettata dal Direttore dell\u2019Accademia reale belga di belle arti di Liegi, M. Gilbert, \u00e8 costituita da 16 mosaici realizzati dal mastro vetraio M. Pirotte.<\/p>\n<p style=\"text-align: justify;\">E\u2019 una forma di devozione destinata a rafforzare la fede dei pellegrini: prima delle 14 stazioni tradizionali se ne incontra una che rappresenta l\u2019Ultima Cena, a simboleggiare che l\u2019Eucaristia \u00e8 il sacramento della nostra salvezza; l\u2019ultima stazione, la 16esima, riproduce \u2013dopo la passione e morte di Ges\u00f9- la Resurrezione.<\/p>\n<p style=\"text-align: justify;\">La Via Crucis \u00e8 stata inaugurata il 1\u00b0 maggio 1980 da Mons. Van Zuylen, all\u2019epoca Vescovo di Liegi.<\/p>\n<hr \/>\n<p style=\"text-align: justify;\"><strong>Campana \u201cAtlas V\u201d (# 9)<\/strong><\/p>\n<p style=\"text-align: justify;\">Ora collocata sul muro laterale del vicino Ufficio Informazioni, ricorda il sacrificio umano della prima guerra mondiale (1914-1918); la campana era a bordo di un piccolo battello che, nel corso del conflitto, trasport\u00f2 da Liegi a Maastricht oltre 100 clandestini in fuga.<\/p>\n<hr \/>\n<p style=\"text-align: justify;\"><strong>Monumento dedicato al mistero della Visitazione (# 13)<\/strong><\/p>\n<p style=\"text-align: justify;\">Durante la visita alla cugina Elisabetta, glorificando Dio, sgorga spontaneo il \u201cMagnificat\u201d.<\/p>\n<hr \/>\n<p style=\"text-align: justify;\"><strong>Le Cappelle dei sette dolori di Maria (# 14)<\/strong><\/p>\n<p style=\"text-align: justify;\">Le edicole erano, una volta, collocate lungo il tragitto pedonale che unisce Banneux a Tancr\u00e9mont; di fatto conducevano i pellegrini a Cristo per il tramite di Maria.<\/p>\n<p style=\"text-align: justify;\">I bassorilievi, realizzati per iniziativa dei Padri Serviti di Spa, furono inaugurati il 14 settembre 1941. A causa dell\u2019intenso traffico stradale lungo il percorso, per\u00f2, queste piccole costruzioni sono state riportate nel recinto dei Santuari di Banneux: ci\u00f2 nel 1999.<\/p>\n<hr \/>\n<p style=\"text-align: justify;\"><strong>L\u2019Annunciazione (# 36)<\/strong><\/p>\n<p style=\"text-align: justify;\">Risalente al 1960, completa quanto gi\u00e0 disposto nei pressi della sorgente (Monumenti di S. Anna e della Visitazione).<\/p>\n<hr \/>\n<p>&nbsp;<\/p>\n","protected":false},"excerpt":{"rendered":"<p>Monumenti legati alla storia di Banneux Statue di santi e monumenti Monumenti e croci nazionali o tematiche Altri luoghi o souvenirs Monumenti legati alla storia di Banneux Riconoscimento ufficiale delle Apparizioni Il 22 agosto 1949 Mons. Louis-Joseph Kerkhofs, Vescovo di Liegi, riconosceva \u2013senza riserve- la realt\u00e0 delle 8 apparizioni a Mariette B\u00e9co. Il testo del documento di approvazione \u00e8 riportato su una stele di pietra, collocata davanti alla Sorgente. Statua della Vergine dei Poveri (ingresso dell\u2019Esplanade) (# 19) S. Em. Card. Schotte, Segretario generale del Sinodo dei Vescovi, ha benedetto la statua il 22 agosto 1999 (50\u00b0 anniversario del riconoscimento ufficiale delle Apparizioni). Alta oltre 2 metri, scolpita in marmo di Carrata da Marco Giannoni, di Pietrasanta, la statua \u00e8 [&hellip;]<\/p>\n","protected":false},"author":4,"featured_media":0,"parent":0,"menu_order":0,"comment_status":"closed","ping_status":"closed","template":"","meta":{"advgb_blocks_editor_width":"","advgb_blocks_columns_visual_guide":"","jetpack_post_was_ever_published":false,"footnotes":""},"class_list":["post-7801","page","type-page","status-publish","hentry"],"yoast_head":"<!-- This site is optimized with the Yoast SEO plugin v27.5 - https:\/\/yoast.com\/product\/yoast-seo-wordpress\/ -->\n<title>Altri luoghi - Banneux Notre-Dame<\/title>\n<meta name=\"robots\" content=\"index, follow, max-snippet:-1, max-image-preview:large, max-video-preview:-1\" \/>\n<link rel=\"canonical\" href=\"https:\/\/banneux-nd.be\/it\/altri-luoghi\/\" \/>\n<meta property=\"og:locale\" content=\"it_IT\" \/>\n<meta property=\"og:type\" content=\"article\" \/>\n<meta property=\"og:title\" content=\"Altri luoghi - Banneux Notre-Dame\" \/>\n<meta property=\"og:description\" content=\"Monumenti legati alla storia di Banneux Statue di santi e monumenti Monumenti e croci nazionali o tematiche Altri luoghi o souvenirs Monumenti legati alla storia di Banneux Riconoscimento ufficiale delle Apparizioni Il 22 agosto 1949 Mons. Louis-Joseph Kerkhofs, Vescovo di Liegi, riconosceva \u2013senza riserve- la realt\u00e0 delle 8 apparizioni a Mariette B\u00e9co. Il testo del documento di approvazione \u00e8 riportato su una stele di pietra, collocata davanti alla Sorgente. Statua della Vergine dei Poveri (ingresso dell\u2019Esplanade) (# 19) S. Em. Card. Schotte, Segretario generale del Sinodo dei Vescovi, ha benedetto la statua il 22 agosto 1999 (50\u00b0 anniversario del riconoscimento ufficiale delle Apparizioni). Alta oltre 2 metri, scolpita in marmo di Carrata da Marco Giannoni, di Pietrasanta, la statua \u00e8 [&hellip;]\" \/>\n<meta property=\"og:url\" content=\"https:\/\/banneux-nd.be\/it\/altri-luoghi\/\" \/>\n<meta property=\"og:site_name\" content=\"Banneux Notre-Dame\" \/>\n<meta property=\"article:publisher\" content=\"https:\/\/www.facebook.com\/NDBanneux\/\" \/>\n<meta property=\"article:modified_time\" content=\"2018-05-30T19:36:11+00:00\" \/>\n<meta name=\"twitter:card\" content=\"summary_large_image\" \/>\n<meta name=\"twitter:label1\" content=\"Tempo di lettura stimato\" \/>\n\t<meta name=\"twitter:data1\" content=\"10 minuti\" \/>\n<script type=\"application\/ld+json\" class=\"yoast-schema-graph\">{\"@context\":\"https:\\\/\\\/schema.org\",\"@graph\":[{\"@type\":\"WebPage\",\"@id\":\"https:\\\/\\\/banneux-nd.be\\\/it\\\/altri-luoghi\\\/\",\"url\":\"https:\\\/\\\/banneux-nd.be\\\/it\\\/altri-luoghi\\\/\",\"name\":\"Altri luoghi - Banneux Notre-Dame\",\"isPartOf\":{\"@id\":\"https:\\\/\\\/banneux-nd.be\\\/it\\\/#website\"},\"datePublished\":\"2018-05-11T15:15:30+00:00\",\"dateModified\":\"2018-05-30T19:36:11+00:00\",\"breadcrumb\":{\"@id\":\"https:\\\/\\\/banneux-nd.be\\\/it\\\/altri-luoghi\\\/#breadcrumb\"},\"inLanguage\":\"it-IT\",\"potentialAction\":[{\"@type\":\"ReadAction\",\"target\":[\"https:\\\/\\\/banneux-nd.be\\\/it\\\/altri-luoghi\\\/\"]}]},{\"@type\":\"BreadcrumbList\",\"@id\":\"https:\\\/\\\/banneux-nd.be\\\/it\\\/altri-luoghi\\\/#breadcrumb\",\"itemListElement\":[{\"@type\":\"ListItem\",\"position\":1,\"name\":\"Accueil\",\"item\":\"https:\\\/\\\/banneux-nd.be\\\/it\\\/\"},{\"@type\":\"ListItem\",\"position\":2,\"name\":\"Altri luoghi\"}]},{\"@type\":\"WebSite\",\"@id\":\"https:\\\/\\\/banneux-nd.be\\\/it\\\/#website\",\"url\":\"https:\\\/\\\/banneux-nd.be\\\/it\\\/\",\"name\":\"Banneux Notre-Dame\",\"description\":\"Sanctuaire de la Vierge des Pauvres (Belgique)\",\"potentialAction\":[{\"@type\":\"SearchAction\",\"target\":{\"@type\":\"EntryPoint\",\"urlTemplate\":\"https:\\\/\\\/banneux-nd.be\\\/it\\\/?s={search_term_string}\"},\"query-input\":{\"@type\":\"PropertyValueSpecification\",\"valueRequired\":true,\"valueName\":\"search_term_string\"}}],\"inLanguage\":\"it-IT\"}]}<\/script>\n<!-- \/ Yoast SEO plugin. -->","yoast_head_json":{"title":"Altri luoghi - Banneux Notre-Dame","robots":{"index":"index","follow":"follow","max-snippet":"max-snippet:-1","max-image-preview":"max-image-preview:large","max-video-preview":"max-video-preview:-1"},"canonical":"https:\/\/banneux-nd.be\/it\/altri-luoghi\/","og_locale":"it_IT","og_type":"article","og_title":"Altri luoghi - Banneux Notre-Dame","og_description":"Monumenti legati alla storia di Banneux Statue di santi e monumenti Monumenti e croci nazionali o tematiche Altri luoghi o souvenirs Monumenti legati alla storia di Banneux Riconoscimento ufficiale delle Apparizioni Il 22 agosto 1949 Mons. Louis-Joseph Kerkhofs, Vescovo di Liegi, riconosceva \u2013senza riserve- la realt\u00e0 delle 8 apparizioni a Mariette B\u00e9co. Il testo del documento di approvazione \u00e8 riportato su una stele di pietra, collocata davanti alla Sorgente. Statua della Vergine dei Poveri (ingresso dell\u2019Esplanade) (# 19) S. Em. Card. Schotte, Segretario generale del Sinodo dei Vescovi, ha benedetto la statua il 22 agosto 1999 (50\u00b0 anniversario del riconoscimento ufficiale delle Apparizioni). Alta oltre 2 metri, scolpita in marmo di Carrata da Marco Giannoni, di Pietrasanta, la statua \u00e8 [&hellip;]","og_url":"https:\/\/banneux-nd.be\/it\/altri-luoghi\/","og_site_name":"Banneux Notre-Dame","article_publisher":"https:\/\/www.facebook.com\/NDBanneux\/","article_modified_time":"2018-05-30T19:36:11+00:00","twitter_card":"summary_large_image","twitter_misc":{"Tempo di lettura stimato":"10 minuti"},"schema":{"@context":"https:\/\/schema.org","@graph":[{"@type":"WebPage","@id":"https:\/\/banneux-nd.be\/it\/altri-luoghi\/","url":"https:\/\/banneux-nd.be\/it\/altri-luoghi\/","name":"Altri luoghi - Banneux Notre-Dame","isPartOf":{"@id":"https:\/\/banneux-nd.be\/it\/#website"},"datePublished":"2018-05-11T15:15:30+00:00","dateModified":"2018-05-30T19:36:11+00:00","breadcrumb":{"@id":"https:\/\/banneux-nd.be\/it\/altri-luoghi\/#breadcrumb"},"inLanguage":"it-IT","potentialAction":[{"@type":"ReadAction","target":["https:\/\/banneux-nd.be\/it\/altri-luoghi\/"]}]},{"@type":"BreadcrumbList","@id":"https:\/\/banneux-nd.be\/it\/altri-luoghi\/#breadcrumb","itemListElement":[{"@type":"ListItem","position":1,"name":"Accueil","item":"https:\/\/banneux-nd.be\/it\/"},{"@type":"ListItem","position":2,"name":"Altri luoghi"}]},{"@type":"WebSite","@id":"https:\/\/banneux-nd.be\/it\/#website","url":"https:\/\/banneux-nd.be\/it\/","name":"Banneux Notre-Dame","description":"Sanctuaire de la Vierge des Pauvres (Belgique)","potentialAction":[{"@type":"SearchAction","target":{"@type":"EntryPoint","urlTemplate":"https:\/\/banneux-nd.be\/it\/?s={search_term_string}"},"query-input":{"@type":"PropertyValueSpecification","valueRequired":true,"valueName":"search_term_string"}}],"inLanguage":"it-IT"}]}},"coauthors":[],"author_meta":{"author_link":"https:\/\/banneux-nd.be\/it\/author\/dreusdeille\/","display_name":"Anne-Elisabeth N\u00e8ve"},"relative_dates":{"created":"Pubblicato 8 anni fa","modified":"Aggiornato 8 anni fa"},"absolute_dates":{"created":"Pubblicato il 11 Maggio 2018","modified":"Aggiornato il 30 Maggio 2018"},"absolute_dates_time":{"created":"Pubblicato il 11 Maggio 2018 17:15","modified":"Aggiornato il 30 Maggio 2018 21:36"},"featured_img_caption":"","featured_img":false,"series_order":"","jetpack_sharing_enabled":true,"_links":{"self":[{"href":"https:\/\/banneux-nd.be\/it\/wp-json\/wp\/v2\/pages\/7801","targetHints":{"allow":["GET"]}}],"collection":[{"href":"https:\/\/banneux-nd.be\/it\/wp-json\/wp\/v2\/pages"}],"about":[{"href":"https:\/\/banneux-nd.be\/it\/wp-json\/wp\/v2\/types\/page"}],"author":[{"embeddable":true,"href":"https:\/\/banneux-nd.be\/it\/wp-json\/wp\/v2\/users\/4"}],"replies":[{"embeddable":true,"href":"https:\/\/banneux-nd.be\/it\/wp-json\/wp\/v2\/comments?post=7801"}],"version-history":[{"count":0,"href":"https:\/\/banneux-nd.be\/it\/wp-json\/wp\/v2\/pages\/7801\/revisions"}],"wp:attachment":[{"href":"https:\/\/banneux-nd.be\/it\/wp-json\/wp\/v2\/media?parent=7801"}],"curies":[{"name":"wp","href":"https:\/\/api.w.org\/{rel}","templated":true}]}}