{"id":15863,"date":"2021-09-09T13:30:29","date_gmt":"2021-09-09T11:30:29","guid":{"rendered":"https:\/\/banneux-nd.be\/lacznosc\/"},"modified":"2023-05-25T12:04:30","modified_gmt":"2023-05-25T10:04:30","slug":"lacznosc","status":"publish","type":"page","link":"https:\/\/banneux-nd.be\/pl\/lacznosc\/","title":{"rendered":"\u0141\u0105czno\u015b\u0107"},"content":{"rendered":"<table style=\"width: 645px;\" border=\"1\" cellspacing=\"1\" cellpadding=\"1\">\n<tbody>\n<tr>\n<td class=\"rtecenter\" style=\"width: 116px;\">\n<p style=\"text-align: center;\"><span style=\"font-size: 12pt;\"><strong>Sektor<\/strong><\/span><\/p>\n<\/td>\n<td class=\"rtecenter\" style=\"width: 124px;\">\n<p style=\"text-align: center;\"><span style=\"font-size: 12pt;\"><strong>Odpowiedzialny<\/strong><\/span><\/p>\n<\/td>\n<td class=\"rtecenter\" style=\"width: 145px;\">\n<p style=\"text-align: center;\"><span style=\"font-size: 12pt;\"><strong>Telefon<\/strong><\/span><\/p>\n<\/td>\n<td class=\"rtecenter\" style=\"width: 10px;\">\n<p style=\"text-align: center;\"><span style=\"font-size: 12pt;\"><strong>E-mail<\/strong><\/span><\/p>\n<\/td>\n<\/tr>\n<tr>\n<td class=\"rtecenter\" style=\"width: 116px; text-align: center;\"><span style=\"font-size: 12pt;\">Rektorat<\/span><\/td>\n<td class=\"rtecenter\" style=\"width: 124px;\">\n<p style=\"text-align: center;\"><span style=\"font-size: 12pt;\">Opat Leo Palm<\/span><\/p>\n<\/td>\n<td class=\"rtecenter\" style=\"width: 145px;\">\n<p style=\"text-align: center;\"><span style=\"font-size: 12pt;\">+32 4 360 02 22<\/span><\/p>\n<\/td>\n<td class=\"rtecenter\" style=\"width: 10px;\">\n<p style=\"text-align: center;\"><span style=\"font-size: 12pt;\">rectorat@banneux-nd.be<\/span><\/p>\n<\/td>\n<\/tr>\n<tr>\n<td class=\"rtecenter\" style=\"width: 116px; text-align: center;\"><span style=\"font-size: 12pt;\">Sekretariat<br \/>\nog\u00f3lny<\/span><\/td>\n<td class=\"rtecenter\" style=\"width: 124px;\"><\/td>\n<td class=\"rtecenter\" style=\"width: 145px;\">\n<p style=\"text-align: center;\"><span style=\"font-size: 12pt;\">+32 4 360 02 22<\/span><\/p>\n<\/td>\n<td class=\"rtecenter\" style=\"width: 10px;\">\n<p style=\"text-align: center;\"><span style=\"font-size: 12pt;\">sanctuaire@banneux-nd.be<\/span><\/p>\n<\/td>\n<\/tr>\n<tr>\n<td class=\"rtecenter\" style=\"width: 116px;\">\n<p style=\"text-align: center;\"><span style=\"font-size: 12pt;\">Rejestracje<br \/>\n<\/span><span style=\"font-size: 12pt;\"> pielgrzymki<\/span><\/p>\n<\/td>\n<td class=\"rtecenter\" style=\"width: 124px; text-align: center;\"><span style=\"font-size: 12pt;\"> Erika Hack<\/span><\/td>\n<td class=\"rtecenter\" style=\"width: 145px;\">\n<p style=\"text-align: center;\"><span style=\"font-size: 12pt;\">+32 4 360 02 39<\/span><\/p>\n<\/td>\n<td class=\"rtecenter\" style=\"width: 10px;\">\n<p style=\"text-align: center;\"><span style=\"font-size: 12pt;\">sanctuaire@banneux-nd.be<\/span><\/p>\n<\/td>\n<\/tr>\n<tr>\n<td class=\"rtecenter\" style=\"width: 116px; text-align: center;\"><span style=\"font-size: 12pt;\">Deutschsprachige Pilger<\/span><\/td>\n<td class=\"rtecenter\" style=\"width: 124px; text-align: center;\"><span style=\"font-size: 12pt;\"> Erika Hack<\/span><span style=\"font-size: 12pt;\">Marleen Backes<\/span><\/td>\n<td class=\"rtecenter\" style=\"width: 145px;\">\n<p style=\"text-align: center;\"><span style=\"font-size: 12pt;\">+32 4 360 02 39<\/span><\/p>\n<\/td>\n<td class=\"rtecenter\" style=\"width: 10px;\">\n<p style=\"text-align: center;\"><span style=\"font-size: 12pt;\">pilger@banneux-nd.be<\/span><\/p>\n<\/td>\n<\/tr>\n<tr>\n<td class=\"rtecenter\" style=\"width: 116px; text-align: center;\"><span style=\"font-size: 12pt;\">Nederlandstalige pelgrims<\/span><\/td>\n<td class=\"rtecenter\" style=\"width: 124px; text-align: center;\"><span style=\"font-size: 12pt;\"> Erika Hack<\/span><\/td>\n<td class=\"rtecenter\" style=\"width: 145px; text-align: center;\"><span style=\"font-size: 12pt;\"> +32 4 360 02 39<\/span><\/td>\n<td class=\"rtecenter\" style=\"width: 10px; text-align: center;\"><span style=\"font-size: 12pt;\">kapelaan@banneux-nd.be<\/span><\/td>\n<\/tr>\n<tr>\n<td class=\"rtecenter\" style=\"width: 116px; text-align: center;\"><span style=\"font-size: 12pt;\">Sekretariat Mi\u0119dzynarodowy<\/span><\/td>\n<td class=\"rtecenter\" style=\"width: 124px;\">\n<p style=\"text-align: center;\"><span style=\"font-size: 12pt;\">Fabian Delarbre<\/span><\/p>\n<\/td>\n<td class=\"rtecenter\" style=\"width: 145px;\">\n<p style=\"text-align: center;\"><span style=\"font-size: 12pt;\">+32 4 360 02 02<\/span><\/p>\n<\/td>\n<td class=\"rtecenter\" style=\"width: 10px;\">\n<p style=\"text-align: center;\"><span style=\"font-size: 12pt;\">international@banneux-nd.be<\/span><\/p>\n<\/td>\n<\/tr>\n<tr>\n<td class=\"rtecenter\" style=\"width: 116px; text-align: center;\"><span style=\"font-size: 12pt;\">Liturgia<\/span><\/td>\n<td class=\"rtecenter\" style=\"width: 124px;\">\n<p style=\"text-align: center;\"><span style=\"font-size: 12pt;\">Fabian Delarbre<\/span><\/p>\n<\/td>\n<td class=\"rtecenter\" style=\"width: 145px;\">\n<p style=\"text-align: center;\"><span style=\"font-size: 12pt;\">+32 4 360 02 22<\/span><\/p>\n<\/td>\n<td class=\"rtecenter\" style=\"width: 10px;\">\n<p style=\"text-align: center;\"><span style=\"font-size: 12pt;\">liturgie@banneux-nd.be<\/span><\/p>\n<\/td>\n<\/tr>\n<tr>\n<td class=\"rtecenter\" style=\"width: 116px; text-align: center;\"><span style=\"font-size: 12pt;\">Kantyna<\/span><\/td>\n<td class=\"rtecenter\" style=\"width: 124px;\">\n<p style=\"text-align: center;\"><span style=\"font-size: 12pt;\">Christine Palm<\/span><\/p>\n<p style=\"text-align: center;\"><span style=\"font-size: 12pt;\">Laure Malherbe<\/span><\/p>\n<p style=\"text-align: center;\"><span style=\"font-size: 12pt;\">C\u00e9cile de Ville<\/span><\/p>\n<\/td>\n<td class=\"rtecenter\" style=\"width: 145px;\">\n<p style=\"text-align: center;\"><span style=\"font-size: 12pt;\">+32 4 360 02 22<\/span><\/p>\n<\/td>\n<td class=\"rtecenter\" style=\"width: 10px;\">\n<p style=\"text-align: center;\"><span style=\"font-size: 12pt;\">economat@banneux-nd.be<\/span><\/p>\n<\/td>\n<\/tr>\n<tr>\n<td class=\"rtecenter\" style=\"width: 116px; text-align: center;\"><span style=\"font-size: 12pt;\">M\u0142odzie\u017c<\/span><\/td>\n<td class=\"rtecenter\" style=\"width: 124px; text-align: center;\"><span style=\"font-size: 12pt;\"> Opat Heinz Schneider<\/span><\/td>\n<td class=\"rtecenter\" style=\"width: 145px; text-align: center;\"><span style=\"font-size: 12pt;\"> +32 4 360 02 22<\/span><\/td>\n<td class=\"rtecenter\" style=\"width: 10px;\">\n<p style=\"text-align: center;\"><span style=\"font-size: 12pt;\">jeunes@banneux-nd.be<\/span><\/p>\n<\/td>\n<\/tr>\n<tr>\n<td class=\"rtecenter\" style=\"width: 116px; text-align: center;\"><span style=\"font-size: 12pt;\">Techniczne i logistyczne<\/span><\/td>\n<td class=\"rtecenter\" style=\"width: 124px;\">\n<p style=\"text-align: center;\"><span style=\"font-size: 12pt;\">Guy Delrez<\/span><\/p>\n<\/td>\n<td class=\"rtecenter\" style=\"width: 145px; text-align: center;\"><span style=\"font-size: 12pt;\">+32 4 360 02 22<\/span><\/td>\n<td class=\"rtecenter\" style=\"width: 10px;\">\n<p style=\"text-align: center;\"><span style=\"font-size: 12pt;\">technique@banneux-nd.be<\/span><\/p>\n<\/td>\n<\/tr>\n<tr>\n<td class=\"rtecenter\" style=\"width: 116px; text-align: center;\"><span style=\"font-size: 12pt;\">Spieszy\u0107 si\u0119<br \/>\nStrona internetowa<\/span><\/td>\n<td class=\"rtecenter\" style=\"width: 124px;\">\n<p style=\"text-align: center;\"><span style=\"font-size: 12pt;\">Fabian Delarbre<\/span><\/p>\n<\/td>\n<td class=\"rtecenter\" style=\"width: 145px; text-align: center;\"><span style=\"font-size: 12pt;\">+32 477 62 82 50<\/span><\/td>\n<td class=\"rtecenter\" style=\"width: 10px;\">\n<p style=\"text-align: center;\"><span style=\"font-size: 12pt;\">presse@banneux-nd.be<\/span><\/p>\n<\/td>\n<\/tr>\n<\/tbody>\n<\/table>\n","protected":false},"excerpt":{"rendered":"<p>Sektor Odpowiedzialny Telefon E-mail Rektorat Opat Leo Palm +32 4 360 02 22 rectorat@banneux-nd.be Sekretariat og\u00f3lny +32 4 360 02 22 sanctuaire@banneux-nd.be Rejestracje pielgrzymki Erika Hack +32 4 360 02 39 sanctuaire@banneux-nd.be Deutschsprachige Pilger Erika HackMarleen Backes +32 4 360 02 39 pilger@banneux-nd.be Nederlandstalige pelgrims Erika Hack +32 4 360 02 39 kapelaan@banneux-nd.be Sekretariat Mi\u0119dzynarodowy Fabian Delarbre +32 4 360 02 02 international@banneux-nd.be Liturgia Fabian Delarbre +32 4 360 02 22 liturgie@banneux-nd.be Kantyna Christine Palm Laure Malherbe C\u00e9cile de Ville +32 4 360 02 22 economat@banneux-nd.be M\u0142odzie\u017c Opat Heinz Schneider +32 4 360 02 22 jeunes@banneux-nd.be Techniczne i logistyczne Guy Delrez +32 4 360 02 22 technique@banneux-nd.be Spieszy\u0107 si\u0119 Strona internetowa Fabian Delarbre +32 477 62 82 50 presse@banneux-nd.be<\/p>\n","protected":false},"author":2,"featured_media":0,"parent":0,"menu_order":0,"comment_status":"closed","ping_status":"closed","template":"","meta":{"advgb_blocks_editor_width":"","advgb_blocks_columns_visual_guide":"","jetpack_post_was_ever_published":false,"footnotes":""},"class_list":["post-15863","page","type-page","status-publish","hentry"],"yoast_head":"<!-- This site is optimized with the Yoast SEO plugin v27.4 - https:\/\/yoast.com\/product\/yoast-seo-wordpress\/ -->\n<title>\u0141\u0105czno\u015b\u0107 - Banneux Notre-Dame<\/title>\n<meta name=\"robots\" content=\"index, follow, max-snippet:-1, max-image-preview:large, max-video-preview:-1\" \/>\n<link rel=\"canonical\" href=\"https:\/\/banneux-nd.be\/pl\/lacznosc\/\" \/>\n<meta property=\"og:locale\" content=\"pl_PL\" \/>\n<meta property=\"og:type\" content=\"article\" \/>\n<meta property=\"og:title\" content=\"\u0141\u0105czno\u015b\u0107 - Banneux Notre-Dame\" \/>\n<meta property=\"og:description\" content=\"Sektor Odpowiedzialny Telefon E-mail Rektorat Opat Leo Palm +32 4 360 02 22 rectorat@banneux-nd.be Sekretariat og\u00f3lny +32 4 360 02 22 sanctuaire@banneux-nd.be Rejestracje pielgrzymki Erika Hack +32 4 360 02 39 sanctuaire@banneux-nd.be Deutschsprachige Pilger Erika HackMarleen Backes +32 4 360 02 39 pilger@banneux-nd.be Nederlandstalige pelgrims Erika Hack +32 4 360 02 39 kapelaan@banneux-nd.be Sekretariat Mi\u0119dzynarodowy Fabian Delarbre +32 4 360 02 02 international@banneux-nd.be Liturgia Fabian Delarbre +32 4 360 02 22 liturgie@banneux-nd.be Kantyna Christine Palm Laure Malherbe C\u00e9cile de Ville +32 4 360 02 22 economat@banneux-nd.be M\u0142odzie\u017c Opat Heinz Schneider +32 4 360 02 22 jeunes@banneux-nd.be Techniczne i logistyczne Guy Delrez +32 4 360 02 22 technique@banneux-nd.be Spieszy\u0107 si\u0119 Strona internetowa Fabian Delarbre +32 477 62 82 50 presse@banneux-nd.be\" \/>\n<meta property=\"og:url\" content=\"https:\/\/banneux-nd.be\/pl\/lacznosc\/\" \/>\n<meta property=\"og:site_name\" content=\"Banneux Notre-Dame\" \/>\n<meta property=\"article:publisher\" content=\"https:\/\/www.facebook.com\/NDBanneux\/\" \/>\n<meta property=\"article:modified_time\" content=\"2023-05-25T10:04:30+00:00\" \/>\n<meta name=\"twitter:card\" content=\"summary_large_image\" \/>\n<meta name=\"twitter:label1\" content=\"Est. reading time\" \/>\n\t<meta name=\"twitter:data1\" content=\"1 minute\" \/>\n<script type=\"application\/ld+json\" class=\"yoast-schema-graph\">{\"@context\":\"https:\\\/\\\/schema.org\",\"@graph\":[{\"@type\":\"WebPage\",\"@id\":\"https:\\\/\\\/banneux-nd.be\\\/pl\\\/lacznosc\\\/\",\"url\":\"https:\\\/\\\/banneux-nd.be\\\/pl\\\/lacznosc\\\/\",\"name\":\"\u0141\u0105czno\u015b\u0107 - Banneux Notre-Dame\",\"isPartOf\":{\"@id\":\"https:\\\/\\\/banneux-nd.be\\\/pl\\\/#website\"},\"datePublished\":\"2021-09-09T11:30:29+00:00\",\"dateModified\":\"2023-05-25T10:04:30+00:00\",\"breadcrumb\":{\"@id\":\"https:\\\/\\\/banneux-nd.be\\\/pl\\\/lacznosc\\\/#breadcrumb\"},\"inLanguage\":\"pl-PL\",\"potentialAction\":[{\"@type\":\"ReadAction\",\"target\":[\"https:\\\/\\\/banneux-nd.be\\\/pl\\\/lacznosc\\\/\"]}]},{\"@type\":\"BreadcrumbList\",\"@id\":\"https:\\\/\\\/banneux-nd.be\\\/pl\\\/lacznosc\\\/#breadcrumb\",\"itemListElement\":[{\"@type\":\"ListItem\",\"position\":1,\"name\":\"Accueil\",\"item\":\"https:\\\/\\\/banneux-nd.be\\\/pl\\\/witamy-w-banneux\\\/\"},{\"@type\":\"ListItem\",\"position\":2,\"name\":\"\u0141\u0105czno\u015b\u0107\"}]},{\"@type\":\"WebSite\",\"@id\":\"https:\\\/\\\/banneux-nd.be\\\/pl\\\/#website\",\"url\":\"https:\\\/\\\/banneux-nd.be\\\/pl\\\/\",\"name\":\"Banneux Notre-Dame\",\"description\":\"Sanctuaire de la Vierge des Pauvres (Belgique)\",\"potentialAction\":[{\"@type\":\"SearchAction\",\"target\":{\"@type\":\"EntryPoint\",\"urlTemplate\":\"https:\\\/\\\/banneux-nd.be\\\/pl\\\/?s={search_term_string}\"},\"query-input\":{\"@type\":\"PropertyValueSpecification\",\"valueRequired\":true,\"valueName\":\"search_term_string\"}}],\"inLanguage\":\"pl-PL\"}]}<\/script>\n<!-- \/ Yoast SEO plugin. -->","yoast_head_json":{"title":"\u0141\u0105czno\u015b\u0107 - Banneux Notre-Dame","robots":{"index":"index","follow":"follow","max-snippet":"max-snippet:-1","max-image-preview":"max-image-preview:large","max-video-preview":"max-video-preview:-1"},"canonical":"https:\/\/banneux-nd.be\/pl\/lacznosc\/","og_locale":"pl_PL","og_type":"article","og_title":"\u0141\u0105czno\u015b\u0107 - Banneux Notre-Dame","og_description":"Sektor Odpowiedzialny Telefon E-mail Rektorat Opat Leo Palm +32 4 360 02 22 rectorat@banneux-nd.be Sekretariat og\u00f3lny +32 4 360 02 22 sanctuaire@banneux-nd.be Rejestracje pielgrzymki Erika Hack +32 4 360 02 39 sanctuaire@banneux-nd.be Deutschsprachige Pilger Erika HackMarleen Backes +32 4 360 02 39 pilger@banneux-nd.be Nederlandstalige pelgrims Erika Hack +32 4 360 02 39 kapelaan@banneux-nd.be Sekretariat Mi\u0119dzynarodowy Fabian Delarbre +32 4 360 02 02 international@banneux-nd.be Liturgia Fabian Delarbre +32 4 360 02 22 liturgie@banneux-nd.be Kantyna Christine Palm Laure Malherbe C\u00e9cile de Ville +32 4 360 02 22 economat@banneux-nd.be M\u0142odzie\u017c Opat Heinz Schneider +32 4 360 02 22 jeunes@banneux-nd.be Techniczne i logistyczne Guy Delrez +32 4 360 02 22 technique@banneux-nd.be Spieszy\u0107 si\u0119 Strona internetowa Fabian Delarbre +32 477 62 82 50 presse@banneux-nd.be","og_url":"https:\/\/banneux-nd.be\/pl\/lacznosc\/","og_site_name":"Banneux Notre-Dame","article_publisher":"https:\/\/www.facebook.com\/NDBanneux\/","article_modified_time":"2023-05-25T10:04:30+00:00","twitter_card":"summary_large_image","twitter_misc":{"Est. reading time":"1 minute"},"schema":{"@context":"https:\/\/schema.org","@graph":[{"@type":"WebPage","@id":"https:\/\/banneux-nd.be\/pl\/lacznosc\/","url":"https:\/\/banneux-nd.be\/pl\/lacznosc\/","name":"\u0141\u0105czno\u015b\u0107 - Banneux Notre-Dame","isPartOf":{"@id":"https:\/\/banneux-nd.be\/pl\/#website"},"datePublished":"2021-09-09T11:30:29+00:00","dateModified":"2023-05-25T10:04:30+00:00","breadcrumb":{"@id":"https:\/\/banneux-nd.be\/pl\/lacznosc\/#breadcrumb"},"inLanguage":"pl-PL","potentialAction":[{"@type":"ReadAction","target":["https:\/\/banneux-nd.be\/pl\/lacznosc\/"]}]},{"@type":"BreadcrumbList","@id":"https:\/\/banneux-nd.be\/pl\/lacznosc\/#breadcrumb","itemListElement":[{"@type":"ListItem","position":1,"name":"Accueil","item":"https:\/\/banneux-nd.be\/pl\/witamy-w-banneux\/"},{"@type":"ListItem","position":2,"name":"\u0141\u0105czno\u015b\u0107"}]},{"@type":"WebSite","@id":"https:\/\/banneux-nd.be\/pl\/#website","url":"https:\/\/banneux-nd.be\/pl\/","name":"Banneux Notre-Dame","description":"Sanctuaire de la Vierge des Pauvres (Belgique)","potentialAction":[{"@type":"SearchAction","target":{"@type":"EntryPoint","urlTemplate":"https:\/\/banneux-nd.be\/pl\/?s={search_term_string}"},"query-input":{"@type":"PropertyValueSpecification","valueRequired":true,"valueName":"search_term_string"}}],"inLanguage":"pl-PL"}]}},"coauthors":[],"author_meta":{"author_link":"https:\/\/banneux-nd.be\/pl\/author\/adminfr\/","display_name":"adminFR"},"relative_dates":{"created":"Posted 5 years ago","modified":"Updated 3 years ago"},"absolute_dates":{"created":"Posted on 09\/09\/2021","modified":"Updated on 05\/25\/2023"},"absolute_dates_time":{"created":"Posted on 09\/09\/2021 13 h 30 min","modified":"Updated on 05\/25\/2023 12 h 04 min"},"featured_img_caption":"","featured_img":false,"series_order":"","jetpack_sharing_enabled":true,"_links":{"self":[{"href":"https:\/\/banneux-nd.be\/pl\/wp-json\/wp\/v2\/pages\/15863","targetHints":{"allow":["GET"]}}],"collection":[{"href":"https:\/\/banneux-nd.be\/pl\/wp-json\/wp\/v2\/pages"}],"about":[{"href":"https:\/\/banneux-nd.be\/pl\/wp-json\/wp\/v2\/types\/page"}],"author":[{"embeddable":true,"href":"https:\/\/banneux-nd.be\/pl\/wp-json\/wp\/v2\/users\/2"}],"replies":[{"embeddable":true,"href":"https:\/\/banneux-nd.be\/pl\/wp-json\/wp\/v2\/comments?post=15863"}],"version-history":[{"count":2,"href":"https:\/\/banneux-nd.be\/pl\/wp-json\/wp\/v2\/pages\/15863\/revisions"}],"predecessor-version":[{"id":17415,"href":"https:\/\/banneux-nd.be\/pl\/wp-json\/wp\/v2\/pages\/15863\/revisions\/17415"}],"wp:attachment":[{"href":"https:\/\/banneux-nd.be\/pl\/wp-json\/wp\/v2\/media?parent=15863"}],"curies":[{"name":"wp","href":"https:\/\/api.w.org\/{rel}","templated":true}]}}